{"id":78439,"date":"2025-05-16T16:29:08","date_gmt":"2025-05-16T14:29:08","guid":{"rendered":"https:\/\/memorial1418.com\/?page_id=78439"},"modified":"2026-04-07T06:11:38","modified_gmt":"2026-04-07T04:11:38","slug":"journees-europeennes-de-larcheologie","status":"publish","type":"page","link":"https:\/\/memorial1418.com\/en\/journees-europeennes-de-larcheologie\/","title":{"rendered":"Journ\u00e9es Europ\u00e9ennes de l\u2019Arch\u00e9ologie"},"content":{"rendered":"<div class=\"brz brz-root__container brz-reset-all brz-root__container-page\">\n<section id=\"hlsigpgzkzpigrkuhrcnytwglurlmwlyyxpe_hlsigpgzkzpigrkuhrcnytwglurlmwlyyxpe\" class=\"brz-section brz-css-d-section brz-css-1wz6agy\">\n<div class=\"brz-section__content brz-section--boxed brz-css-d-sectionitem-bg brz-css-1uq76ki\" data-brz-custom-id=\"kxqoamepmyqwvywasxynuhthklcttymgstzb\">\n<div class=\"brz-bg\">\n<div class=\"brz-bg-image\"><\/div>\n<div class=\"brz-bg-color\"><\/div>\n<\/div>\n<div class=\"brz-container brz-css-d-sectionitem-container brz-css-cui5g3\">\n<div class=\"brz-row__container brz-css-d-row-row brz-css-1krhz7d\" data-brz-custom-id=\"ndqbzplphgtqwtpytgvitpqvgqekkphdfdpn\">\n<div class=\"brz-row brz-css-d-row-container brz-css-r-row-container brz-css-1c44pk8\">\n<div class=\"brz-columns brz-css-d-column-column brz-css-kviivn\" data-brz-custom-id=\"qzopuhnicqvjukdfmbfuaehypwugyffnmxri\">\n<div class=\"brz-column__items brz-css-d-column-bg brz-css-1hiopwb\">\n<div id=\"\" class=\"brz-css-d-wrapper brz-css-r-wrapper brz-css-2pttc2 brz-wrapper\">\n<div class=\"brz-spacer brz-css-d-spacer brz-css-1ph7db7\"><\/div>\n<\/div>\n<div id=\"\" class=\"brz-css-d-wrapper brz-css-c8et1z brz-wrapper\">\n<div class=\"brz-rich-text brz-rich-text__custom brz-css-d-richtext brz-css-14eb8a9\" data-brz-custom-id=\"fcsbpuwrdqfuaeadmnosphhudlzintshyylq\">\n<div data-brz-translate-text=\"1\">\n<p class=\"brz-tp-lg-heading1 brz-css-lCuO6\" data-uniq-id=\"aMph9\" data-generated-css=\"brz-css-rjpo5\"><span class=\"brz-capitalize-on brz-cp-color8\">journ\u00e9es europ\u00e9ennes de l&rsquo;arch\u00e9ologie<\/span><\/p>\n<\/div>\n<\/div>\n<\/div>\n<div id=\"\" class=\"brz-css-d-wrapper brz-css-13rq83 brz-wrapper\">\n<div class=\"brz-line brz-line-default brz-css-d-line brz-css-quhayb\" data-brz-custom-id=\"evutjfajftpmkruulgoiyujzuezckdnizkze\">\n<hr class=\"brz-hr\"><\/div>\n<\/div>\n<div id=\"\" class=\"brz-css-d-wrapper brz-css-gseyn brz-wrapper\">\n<div class=\"brz-rich-text brz-rich-text__custom brz-css-d-richtext brz-css-12dat18\" data-brz-custom-id=\"wispmqthnmqizwpyagrdyaagtffarmtmbapm\">\n<div data-brz-translate-text=\"1\">\n<p class=\"brz-fw-lg-900 brz-fss-lg-px brz-fs-lg-24 brz-ft-google brz-ff-lato brz-ls-lg-0 brz-lh-lg-1_3 brz-tp-lg-empty brz-css-loxzP\" data-generated-css=\"brz-css-rhvBO\" data-uniq-id=\"lu3cN\"><span class=\"brz-cp-color8\">Les 13 et 14 juin 2026<\/span><\/p>\n<\/div>\n<\/div>\n<\/div>\n<\/div>\n<\/div>\n<\/div>\n<\/div>\n<\/div>\n<\/div>\n<\/section>\n<section id=\"yPLXqoYOUvy4_yPLXqoYOUvy4\" class=\"brz-section brz-css-d-section brz-css-eka7u0\">\n<div class=\"brz-section__content brz-section--boxed brz-css-d-sectionitem-bg brz-css-2d8j5p\" data-brz-custom-id=\"d1MbF6dZUMDt\">\n<div class=\"brz-container brz-css-d-sectionitem-container brz-css-dihyhw\">\n<div id=\"\" class=\"brz-css-d-wrapper brz-css-x9x57n brz-wrapper\">\n<div class=\"brz-rich-text brz-rich-text__custom brz-css-d-richtext brz-css-qu56p3\" data-brz-custom-id=\"u_GRQ6nFuGjW\">\n<div data-brz-translate-text=\"1\">\n<p class=\"brz-tp-lg-paragraph brz-text-lg-center brz-css-nfoVF\" data-uniq-id=\"hgEhb\" data-generated-css=\"brz-css-k5B5z\"><span class=\"brz-cp-color7\">Passionn\u00e9s d\u2019histoire ou simples curieux, en famille, venez d\u00e9couvrir les coulisses du patrimoine et de la recherche arch\u00e9ologique.<\/span><\/p>\n<p class=\"brz-tp-lg-paragraph brz-text-lg-center brz-css-x_Tm8\" data-uniq-id=\"rmO8Y\" data-generated-css=\"brz-css-g8Sky\"><span class=\"brz-cp-color7\">Cette ann\u00e9e l&rsquo;\u00e9quipe du M\u00e9morial 14-18 Notre-Dame de Lorette propose une programmation avec une visite guid\u00e9e et un atelier pour le jeune public.<\/span><\/p>\n<\/div>\n<\/div>\n<\/div>\n<\/div>\n<\/div>\n<\/section>\n<section id=\"fTtV9e42LcZb_fTtV9e42LcZb\" class=\"brz-section brz-css-d-section brz-css-1xz0nhj\">\n<div class=\"brz-section__content brz-section--boxed brz-css-d-sectionitem-bg brz-css-3wipv7\" data-brz-custom-id=\"yVL3FlBP1RfC\">\n<div class=\"brz-container brz-css-d-sectionitem-container brz-css-1c2iil\">\n<div class=\"brz-row__container brz-css-d-row-row brz-css-1pegn2r\" data-brz-custom-id=\"l8RYtqKjtX54\">\n<div class=\"brz-row brz-css-d-row-container brz-css-r-row-container brz-css-1jqxzks\">\n<div class=\"brz-columns brz-css-d-column-column brz-css-19zf7jr\" data-brz-custom-id=\"wVdOzOYESojr\">\n<div class=\"brz-column__items brz-css-d-column-bg brz-css-hsw1b8\">\n<div id=\"\" class=\"brz-css-d-wrapper brz-css-1x6x8kn brz-wrapper\">\n<div class=\"brz-rich-text brz-rich-text__custom brz-css-d-richtext brz-css-jpdcpb\" data-brz-custom-id=\"ylLWoQYWRy84\">\n<div data-brz-translate-text=\"1\">\n<p class=\"brz-fsft-lg-0 brz-fwdth-lg-100 brz-vfw-lg-400 brz-lh-lg-1_3 brz-ls-lg-0 brz-fw-lg-900 brz-fss-lg-px brz-fs-lg-40 brz-ft-google brz-ff-lato brz-tp-lg-empty brz-fw-xs-900 brz-fs-xs-25 brz-fs-sm-30 brz-ls-xs-1 brz-ls-sm-1 brz-fw-sm-900 brz-lh-xs-1_3 brz-lh-sm-1_3 brz-css-vlvj3\" data-uniq-id=\"xSGou\" data-generated-css=\"brz-css-gojHK\"><strong class=\"brz-uppercase-true brz-capitalize-on brz-bold-true brz-cp-color2\">Dans la peau d&rsquo;un arch\u00e9ologue<\/strong><\/p>\n<\/div>\n<\/div>\n<\/div>\n<div id=\"\" class=\"brz-css-d-wrapper brz-css-1tho5oh brz-wrapper\">\n<div class=\"brz-line brz-line-default brz-css-d-line brz-css-n3ui9a\" data-brz-custom-id=\"sPQhZTcdwupj\">\n<hr class=\"brz-hr\"><\/div>\n<\/div>\n<div id=\"\" class=\"brz-css-d-wrapper brz-css-2wx01p brz-wrapper\">\n<div class=\"brz-rich-text brz-rich-text__custom brz-css-d-richtext brz-css-1ay4xqb\" data-brz-custom-id=\"oxpeVNedcuSP\">\n<div data-brz-translate-text=\"1\">\n<p class=\"brz-lh-lg-1_8 brz-ls-lg-0 brz-fw-lg-700 brz-fss-lg-px brz-fs-lg-17 brz-ft-google brz-ff-lato brz-mb-xs-0 brz-mb-sm-0 brz-mb-lg-0 brz-tp-lg-paragraph brz-css-veTEB\" data-generated-css=\"brz-css-lwLeK\" data-uniq-id=\"edK6c\"><strong>\u00e0 partir de 6 ans<\/strong><\/p>\n<\/div>\n<\/div>\n<\/div>\n<div id=\"\" class=\"brz-css-d-wrapper brz-css-1v1shwf brz-wrapper\">\n<div class=\"brz-rich-text brz-rich-text__custom brz-css-d-richtext brz-css-1y0y3ft\" data-brz-custom-id=\"oIGNjjDfuDvM\">\n<div data-brz-translate-text=\"1\">\n<p class=\"brz-tp-lg-paragraph brz-ff-lato brz-ft-google brz-fs-lg-17 brz-fss-lg-px brz-fw-lg-400 brz-ls-lg-0 brz-lh-lg-1_8 brz-css-djFj1\" data-generated-css=\"brz-css-qWeQj\" data-uniq-id=\"yx73e\">Vos enfants ont toujours r\u00eav\u00e9 de devenir arch\u00e9ologues\u202f? Munis d\u2019un casque de chantier, d\u2019un gilet de s\u00e9curit\u00e9, d\u2019une truelle et d\u2019un pinceau, les petits arch\u00e9ologues sont d\u00e9sormais pr\u00eats \u00e0 d\u00e9buter la fouille. Dans cette visite-atelier, des objets datant de la Premi\u00e8re Guerre mondiale sont cach\u00e9s dans des bacs\u202f: des ouvre-boites, des dominos, des jeux, des balles, des douilles d\u2019obus\u2026 Une fois les objets collect\u00e9s, les enfants les mesurent, les p\u00e8sent, analysent leur \u00e9tat de conservation et remplissent une fiche de fouille. Et oui, au centre d\u2019histoire du M\u00e9morial 14-18 Notre-Dame de Lorette, on forme les futurs arch\u00e9ologues de demain\u202f!<\/p>\n<\/div>\n<\/div>\n<\/div>\n<\/div>\n<\/div>\n<\/div>\n<\/div>\n<div class=\"brz-row__container brz-css-d-row-row brz-css-1a4udkl\" data-brz-custom-id=\"jW1U8WGGwstf\">\n<div class=\"brz-row brz-css-d-row-container brz-css-r-row-container brz-css-16e8l1v\">\n<div class=\"brz-columns brz-css-d-column-column brz-css-gqfbrg\" data-brz-custom-id=\"o6invK7PL69i\">\n<div class=\"brz-column__items brz-css-d-column-bg brz-css-1pxgeo6\">\n<div id=\"\" class=\"brz-css-d-wrapper brz-css-wyicfz brz-wrapper\">\n<div class=\"brz-rich-text brz-rich-text__custom brz-css-d-richtext brz-css-1s6mnft\" data-brz-custom-id=\"nRMMYxY5SP1I\">\n<div data-brz-translate-text=\"1\">\n<p class=\"brz-tp-lg-paragraph brz-css-ndSZf\" data-uniq-id=\"nEZeS\" data-generated-css=\"brz-css-hpMU9\"><strong class=\"brz-cp-color7\">Dur\u00e9e<\/strong><span class=\"brz-cp-color7\">&nbsp;: 1h<\/span><\/p>\n<p class=\"brz-tp-lg-paragraph brz-css-mzb4H\" data-uniq-id=\"henRv\" data-generated-css=\"brz-css-qjGfy\"><strong class=\"brz-cp-color7\">Prix<\/strong><span class=\"brz-cp-color7\">&nbsp;: gratuit<\/span><\/p>\n<p class=\"brz-tp-lg-paragraph brz-css-oa0vn\" data-uniq-id=\"qLtbI\" data-generated-css=\"brz-css-duZmC\"><strong class=\"brz-cp-color7\">Lieu <\/strong><span class=\"brz-cp-color7\">: Centre d&rsquo;histoire,&nbsp;M\u00e9morial 14-18&nbsp;Notre-Dame de Lorette<\/span><\/p>\n<p class=\"brz-tp-lg-paragraph brz-css-fvDf1\" data-generated-css=\"brz-css-ycbRE\" data-uniq-id=\"tSNRP\"><strong class=\"brz-cp-color7\">Date<\/strong><span class=\"brz-cp-color7\">&nbsp;: samedi 13 juin \u00e0 14h30 et 16h<\/span><\/p>\n<p class=\"brz-lh-lg-1_8 brz-ls-lg-0 brz-fw-lg-700 brz-fss-lg-px brz-fs-lg-17 brz-ft-google brz-ff-lato brz-mb-xs-0 brz-mb-sm-0 brz-mb-lg-0 brz-tp-lg-paragraph brz-css-pRmHU\" data-generated-css=\"brz-css-eQxJ5\" data-uniq-id=\"qsqkc\"><strong class=\"brz-cp-color7\">Renseignements :&nbsp;03 21 74 83 15 &#8211; <\/strong><span class=\"brz-cp-color7\">contact@memorial1418.com<\/span><\/p>\n<\/div>\n<\/div>\n<\/div>\n<div id=\"\" class=\"brz-css-d-wrapper brz-css-r-wrapper brz-css-1pgwg2 brz-wrapper\">\n<div class=\"brz-spacer brz-css-d-spacer brz-css-tfpvom\"><\/div>\n<\/div>\n<div class=\"brz-wrapper-clone brz-flex-xs-wrap brz-css-d-cloneable brz-css-mpb0il\" data-brz-custom-id=\"kREX1XHtuVaf\"><a class=\"brz-a brz-btn brz-css-d-button brz-css-1k8biza brz-css-d-button-bg brz-css-i2f8x4\" target=\"_self\" rel=\"noopener\" data-brz-link-type=\"page\" data-brz-custom-id=\"w_ygZ3PYLj6E\"><span data-brz-translate-text=\"1\" class=\"brz-span brz-text__editor\">R\u00e9servez<\/span><\/a><\/div>\n<\/div>\n<\/div>\n<\/div>\n<\/div>\n<\/div>\n<\/div>\n<\/section>\n<section id=\"gkiX8BV8tEzs_gkiX8BV8tEzs\" class=\"brz-section brz-css-d-section brz-css-jq9iaj\">\n<div class=\"brz-section__content brz-section--boxed brz-css-d-sectionitem-bg brz-css-1rafgrk\" data-brz-custom-id=\"raETz0oDFp7j\">\n<div class=\"brz-bg\">\n<div class=\"brz-bg-color\"><\/div>\n<\/div>\n<div class=\"brz-container brz-css-d-sectionitem-container brz-css-1l6hl55\">\n<div class=\"brz-row__container brz-css-d-row-row brz-css-1dxiv5q\" data-brz-custom-id=\"aIngGp8zgIhv\">\n<div class=\"brz-row brz-css-d-row-container brz-css-r-row-container brz-css-1gry6wv\">\n<div class=\"brz-columns brz-css-d-column-column brz-css-sx2g05\" data-brz-custom-id=\"jHm50vc4ZCl6\">\n<div class=\"brz-column__items brz-css-d-column-bg brz-css-voj2r5\">\n<div id=\"\" class=\"brz-css-d-wrapper brz-css-1b6in1d brz-wrapper\">\n<div class=\"brz-rich-text brz-rich-text__custom brz-css-d-richtext brz-css-63rwwx\" data-brz-custom-id=\"aSKX8ZcAKDxc\">\n<div data-brz-translate-text=\"1\">\n<p class=\"brz-fsft-lg-0 brz-fwdth-lg-100 brz-vfw-lg-400 brz-lh-lg-1_3 brz-ls-lg-0 brz-fw-lg-900 brz-fss-lg-px brz-fs-lg-40 brz-ft-google brz-ff-lato brz-tp-lg-empty brz-fw-xs-900 brz-fs-xs-25 brz-fs-sm-30 brz-ls-xs-1 brz-ls-sm-1 brz-fw-sm-900 brz-lh-xs-1_3 brz-lh-sm-1_3 brz-css-mU4yN\" data-uniq-id=\"nzeUU\" data-generated-css=\"brz-css-uHIvQ\"><strong class=\"brz-uppercase-true brz-capitalize-on brz-bold-true brz-cp-color2\">Visite guid\u00e9e La premi\u00e8re guerre mondiale \u00e0 Lorette<\/strong><\/p>\n<\/div>\n<\/div>\n<\/div>\n<div id=\"\" class=\"brz-css-d-wrapper brz-css-eb6qnc brz-wrapper\">\n<div class=\"brz-line brz-line-default brz-css-d-line brz-css-1rcy82y\" data-brz-custom-id=\"uXgZJ7dlnbMV\">\n<hr class=\"brz-hr\"><\/div>\n<\/div>\n<div id=\"\" class=\"brz-css-d-wrapper brz-css-1mdhike brz-wrapper\">\n<div class=\"brz-rich-text brz-rich-text__custom brz-css-d-richtext brz-css-1jwe36j\" data-brz-custom-id=\"bXmN0CO70VBV\">\n<div data-brz-translate-text=\"1\">\n<p class=\"brz-mb-xs-0 brz-mb-sm-0 brz-mb-lg-0 brz-tp-lg-empty brz-ff-lato brz-ft-google brz-fs-lg-17 brz-fss-lg-px brz-fw-lg-400 brz-ls-lg-0 brz-lh-lg-1_8 brz-vfw-lg-400 brz-fwdth-lg-100 brz-fsft-lg-0 brz-css-xJc4A\" data-generated-css=\"brz-css-gJxJQ\" data-uniq-id=\"xRjvx\"><strong class=\"brz-bold-true\">\u00e0 partir de 10 ans<\/strong><\/p>\n<\/div>\n<\/div>\n<\/div>\n<div id=\"\" class=\"brz-css-d-wrapper brz-css-g7gb7h brz-wrapper\">\n<div class=\"brz-rich-text brz-rich-text__custom brz-css-d-richtext brz-css-1i9bz4k\" data-brz-custom-id=\"l4BfxrSIoyNy\">\n<div data-brz-translate-text=\"1\">\n<p class=\"ql-align-center brz-lh-lg-1_8 brz-ls-lg-0 brz-fw-lg-400 brz-fss-lg-px brz-fs-lg-17 brz-ft-google brz-ff-lato brz-tp-lg-paragraph brz-css-lsUXY\" data-uniq-id=\"tXXjs\" data-generated-css=\"brz-css-fyJYA\">Connaissez-vous l\u2019histoire derri\u00e8re le nom de la colline de Notre-Dame-de-Lorette ?<\/p>\n<p class=\"ql-align-center brz-lh-lg-1_8 brz-ls-lg-0 brz-fw-lg-400 brz-fss-lg-px brz-fs-lg-17 brz-ft-google brz-ff-lato brz-tp-lg-paragraph brz-css-sUDmA\" data-uniq-id=\"mt0jq\" data-generated-css=\"brz-css-bpeNC\">Avez-vous d\u00e9j\u00e0 remarqu\u00e9 que les tours du M\u00e9morial de Vimy sont visibles depuis Lorette ?<\/p>\n<p class=\"ql-align-center brz-lh-lg-1_8 brz-ls-lg-0 brz-fw-lg-400 brz-fss-lg-px brz-fs-lg-17 brz-ft-google brz-ff-lato brz-tp-lg-paragraph brz-css-cwlN9\" data-uniq-id=\"m3b9H\" data-generated-css=\"brz-css-pfqLs\">Savez-vous pourquoi une partie de l\u2019Anneau est en porte-\u00e0-faux au-dessus du vide ?<\/p>\n<p class=\"ql-align-center brz-lh-lg-1_8 brz-ls-lg-0 brz-fw-lg-400 brz-fss-lg-px brz-fs-lg-17 brz-ft-google brz-ff-lato brz-tp-lg-paragraph brz-css-iWeAc\" data-uniq-id=\"wAXEa\" data-generated-css=\"brz-css-xW3PN\">Rendez-vous au Centre d&rsquo;Histoire du M\u00e9morial : son architecture faite de cubes de b\u00e9ton noir et son exposition permanente avec objets, photographies en grand format, cartes interactives et films d\u2019\u00e9poque, permettent de comprendre la Grande Guerre sur notre territoire du Nord Pas-de-Calais.<\/p>\n<p class=\"ql-align-center brz-lh-lg-1_8 brz-ls-lg-0 brz-fw-lg-400 brz-fss-lg-px brz-fs-lg-17 brz-ft-google brz-ff-lato brz-tp-lg-paragraph brz-css-vxY55\" data-uniq-id=\"yfZS0\" data-generated-css=\"brz-css-lv6h4\">Venez suivre la visite qui vous donnera toutes les cl\u00e9s pour comprendre les 3 sites constituant le M\u00e9morial 14-18 Notre-Dame-de-Lorette : le Centre d\u2019histoire, la N\u00e9cropole et l\u2019Anneau de la M\u00e9moire.<\/p>\n<p class=\"ql-align-center brz-lh-lg-1_8 brz-ls-lg-0 brz-fw-lg-400 brz-fss-lg-px brz-fs-lg-17 brz-ft-google brz-ff-lato brz-tp-lg-paragraph brz-css-oPfhe\" data-uniq-id=\"duAEW\" data-generated-css=\"brz-css-l69rj\">Au sommet de la colline, o\u00f9 reposent pour toujours les corps de 42000 soldats morts pendant la Premi\u00e8re Guerre Mondiale sur les fronts de l\u2019Artois et des Flandres fran\u00e7aises et belges, explorez la n\u00e9cropole Notre-Dame-de-Lorette, le plus grand cimeti\u00e8re militaire fran\u00e7ais.<\/p>\n<p class=\"ql-align-center brz-lh-lg-1_8 brz-ls-lg-0 brz-fw-lg-400 brz-fss-lg-px brz-fs-lg-17 brz-ft-google brz-ff-lato brz-tp-lg-paragraph brz-css-n65qe\" data-uniq-id=\"gdav6\" data-generated-css=\"brz-css-nRiiG\">Visitez l\u2019Anneau de la M\u00e9moire qui rassemble depuis 2014 les noms de pr\u00e8s de 580 000 soldats tomb\u00e9s sur le sol du Nord Pas-de-Calais entre 1914 et 1918 : unis dans la mort, leurs noms d\u00e9filent sans fin sur ces panneaux dor\u00e9s, sans distinction de nationalit\u00e9s ou de grade.<\/p>\n<p class=\"brz-lh-lg-1_8 brz-ls-lg-0 brz-fw-lg-400 brz-fss-lg-px brz-fs-lg-17 brz-ft-google brz-ff-lato brz-tp-lg-paragraph ql-align-center brz-css-aWtzu\" data-uniq-id=\"rawbQ\" data-generated-css=\"brz-css-oUyC2\">Depuis une trentaine d\u2019ann\u00e9es, des d\u00e9couvertes fortuites aux fouilles programm\u00e9es, faites sur des chantiers de construction ou dans les champs, permettent de mettre \u00e0 jour des tranch\u00e9es, des munitions, des objets du quotidien mais aussi les corps de soldats disparus. Dans le cadre des Journ\u00e9es Europ\u00e9ennes de l\u2019Arch\u00e9ologie, cette visite proposera une mise en avant sp\u00e9cifique \u00e0 l\u2019arch\u00e9ologie de la Grande Guerre \u00e0 travers nos 3 sites : Centre d&rsquo;Histoire, N\u00e9cropole Notre-Dame-de-Lorette et Anneau de la m\u00e9moire.<\/p>\n<\/div>\n<\/div>\n<\/div>\n<\/div>\n<\/div>\n<\/div>\n<\/div>\n<div class=\"brz-row__container brz-css-d-row-row brz-css-rr7j5p\" data-brz-custom-id=\"rMkjqCDxywMP\">\n<div class=\"brz-row brz-css-d-row-container brz-css-r-row-container brz-css-hpjlmn\">\n<div class=\"brz-columns brz-css-d-column-column brz-css-ygnvu2\" data-brz-custom-id=\"jRzGw3yKd5eW\">\n<div class=\"brz-column__items brz-css-d-column-bg brz-css-1y0idbb\">\n<div id=\"\" class=\"brz-css-d-wrapper brz-css-1y56but brz-wrapper\">\n<div class=\"brz-rich-text brz-rich-text__custom brz-css-d-richtext brz-css-1usgpk8\" data-brz-custom-id=\"fLgY9tWTwl8B\">\n<div data-brz-translate-text=\"1\">\n<p class=\"brz-tp-lg-paragraph brz-css-lNBBp\" data-generated-css=\"brz-css-x7Hob\" data-uniq-id=\"hbHbv\"><strong class=\"brz-cp-color7\">Dur\u00e9e<\/strong><span class=\"brz-cp-color7\">&nbsp;: 1h30<\/span><\/p>\n<p class=\"brz-tp-lg-paragraph brz-css-vp_wD\" data-generated-css=\"brz-css-ziQVt\" data-uniq-id=\"nxs8n\"><strong class=\"brz-cp-color7\">Prix<\/strong><span class=\"brz-cp-color7\">&nbsp;: gratuit<\/span><\/p>\n<p class=\"brz-tp-lg-paragraph brz-css-eWTJP\" data-generated-css=\"brz-css-otA95\" data-uniq-id=\"j7doT\"><strong class=\"brz-cp-color7\">Lieu <\/strong><span class=\"brz-cp-color7\">: RDV au Centre d&rsquo;Histoire  &#8211; 102 rue Pasteur \u00e0 Souchez<\/span><\/p>\n<p class=\"brz-tp-lg-paragraph brz-css-nWVnK\" data-uniq-id=\"uCQJo\" data-generated-css=\"brz-css-wciP9\"><strong class=\"brz-cp-color7\">Dates<\/strong><span class=\"brz-cp-color7\">&nbsp;: Dimanche 14 juin \u00e0 14h30<\/span><\/p>\n<p class=\"brz-tp-lg-paragraph brz-mb-lg-0 brz-mb-sm-0 brz-mb-xs-0 brz-ff-lato brz-ft-google brz-fs-lg-17 brz-fss-lg-px brz-fw-lg-700 brz-ls-lg-0 brz-lh-lg-1_8 brz-css-oCTl8\" data-uniq-id=\"gfVSZ\" data-generated-css=\"brz-css-p2gnN\"><strong class=\"brz-cp-color7\">Renseignements :&nbsp;03 21 74 83 15 &#8211; <\/strong><span class=\"brz-cp-color7\">contact@memorial1418.com<\/span><\/p>\n<\/div>\n<\/div>\n<\/div>\n<div id=\"\" class=\"brz-css-d-wrapper brz-css-r-wrapper brz-css-1it82xv brz-wrapper\">\n<div class=\"brz-spacer brz-css-d-spacer brz-css-1ifb8zg\"><\/div>\n<\/div>\n<div class=\"brz-wrapper-clone brz-flex-xs-wrap brz-css-d-cloneable brz-css-15blyhx\" data-brz-custom-id=\"nqlB3olojgjY\"><a class=\"brz-a brz-btn brz-css-d-button brz-css-10gl44g brz-css-d-button-bg brz-css-mbljlp\" target=\"_blank\" rel=\"noopener noreferrer\" href=\"https:\/\/memorial1418.com\/brizy-61543\/w2-6-visites-guidees\/61630-journees-europeennes-de-larcheologie\" data-brz-link-type=\"external\" data-brz-custom-id=\"nbUgWZx2JqDT\"><span data-brz-translate-text=\"1\" class=\"brz-span brz-text__editor\">Book online<\/span><\/a><\/div>\n<\/div>\n<\/div>\n<\/div>\n<\/div>\n<\/div>\n<\/div>\n<\/section>\n<section id=\"ghzqTFDP6M0N_ghzqTFDP6M0N\" class=\"brz-section brz-css-d-section brz-css-fkm2xh\">\n<div class=\"brz-section__content brz-section--boxed brz-css-d-sectionitem-bg brz-css-iozhf5\" data-brz-custom-id=\"gPZTc9AwRA7U\">\n<div class=\"brz-bg\">\n<div class=\"brz-bg-image\"><\/div>\n<div class=\"brz-bg-color\"><\/div>\n<\/div>\n<div class=\"brz-container brz-css-d-sectionitem-container brz-css-kru01d\">\n<div id=\"\" class=\"brz-css-d-wrapper brz-css-1m5vcr3 brz-wrapper\">\n<div class=\"brz-rich-text brz-rich-text__custom brz-css-d-richtext brz-css-1r8jvi9\" data-brz-custom-id=\"h6zPGBHiiwX5\">\n<div data-brz-translate-text=\"1\">\n<p class=\"brz-text-lg-center brz-lh-xs-1_3 brz-tp-heading2 brz-fw-sm-900 brz-ls-sm-0 brz-fs-xs-30 brz-fw-xs-900 brz-fs-sm-35 brz-css-bXhVn\"><span class=\"brz-cp-color8\">DO YOU HAVE A QUESTION ?<\/span><\/p>\n<\/div>\n<\/div>\n<\/div>\n<div id=\"\" class=\"brz-css-d-wrapper brz-css-r-wrapper brz-css-1tepyq6 brz-wrapper\">\n<div class=\"brz-spacer brz-css-d-spacer brz-css-mvdpgk\"><\/div>\n<\/div>\n<div class=\"brz-wrapper-clone brz-flex-xs-wrap brz-css-d-cloneable brz-css-1gls5a5\" data-brz-custom-id=\"jK2odqzPrXWk\"><a class=\"brz-a brz-btn brz-css-d-button brz-css-15772ko brz-css-d-button-bg brz-css-1q8lpb6\" target=\"_self\" rel=\"noopener\" href=\"https:\/\/memorial1418.com\/nous-contacter\/\" data-brz-link-type=\"external\" data-brz-custom-id=\"wTDuuyn7fxYg\"><span data-brz-translate-text=\"1\" class=\"brz-span brz-text__editor\">Contact US<\/span><\/a><\/div>\n<\/div>\n<\/div>\n<\/section>\n<section id=\"cNZbDDk4mpNi_cNZbDDk4mpNi\" class=\"brz-section brz-css-d-section brz-css-136taap\">\n<div class=\"brz-section__content brz-section--fullWidth brz-css-d-sectionitem-bg brz-css-ylqq0y\" data-brz-custom-id=\"nIC1y3_pZdTM\">\n<div class=\"brz-bg\">\n<div class=\"brz-bg-color\"><\/div>\n<\/div>\n<div class=\"brz-container brz-css-d-sectionitem-container brz-css-fz2cdf\">\n<div class=\"brz-row__container brz-css-d-row-row brz-css-35ztc1\" data-brz-custom-id=\"nloGk4l2sawt\">\n<div class=\"brz-row brz-css-d-row-container brz-css-1cwv7zk\">\n<div class=\"brz-columns brz-css-d-column-column brz-css-3xmov7\" data-brz-custom-id=\"kYcJ7mEY9Vsh\">\n<div class=\"brz-column__items brz-css-d-column-bg brz-css-1wfo04n\">\n<div id=\"\" class=\"brz-css-d-wrapper brz-css-1uh6owg brz-wrapper\">\n<div class=\"brz-image brz-css-d-image-c1qeqqk3cqb2-parent brz-css-17o34sq\" data-brz-custom-id=\"c1QEQQK3cQB2\"><img decoding=\"async\" class=\"brz-img\" src=\"https:\/\/memorial1418.com\/wp-content\/uploads\/brizy\/imgs\/logo-memorial-H-blanc-489x170x38x0x414x170x1636467799.png\" loading=\"lazy\" title=\"logo-memorial-blanc\"><\/div>\n<\/div>\n<div id=\"\" class=\"brz-css-d-wrapper brz-css-19qnbra brz-wrapper\">\n<div class=\"brz-rich-text brz-rich-text__custom brz-css-d-richtext brz-css-116wau1\" data-brz-custom-id=\"kNL2fVetYH81\">\n<div data-brz-translate-text=\"1\">\n<p class=\"brz-fs-xs-im-14 brz-fs-sm-im-15 brz-fs-lg-17 brz-fw-xs-im-400 brz-fw-sm-im-400 brz-fw-lg-400 brz-ft-google brz-ff-lato brz-ls-xs-im-0 brz-ls-sm-im-0 brz-ls-lg-0 brz-lh-xs-im-1_8 brz-lh-sm-im-1_8 brz-lh-lg-1_8 brz-text-lg-justify brz-css-qjggy\"><span class=\"brz-cp-color8\">Subscribe to our newsletter to keep up to date with our latest news !<\/span><\/p>\n<\/div>\n<\/div>\n<\/div>\n<div class=\"brz-wrapper-clone brz-flex-xs-wrap brz-css-d-cloneable brz-css-19hoere\" data-brz-custom-id=\"zvnmeWZ8RkwW\"><a class=\"brz-a brz-btn brz-css-d-button brz-css-1uam7id brz-css-d-button-bg brz-css-11wj3x3\" target=\"_self\" rel=\"noopener\" href=\"https:\/\/memorial1418.com\/newsletter\/\" data-brz-link-type=\"external\" data-brz-custom-id=\"zTc3OowUupJo\"><span data-brz-translate-text=\"1\" class=\"brz-span brz-text__editor\">Subscribe to our newsletter<\/span><\/a><\/div>\n<div id=\"\" class=\"brz-css-d-wrapper brz-css-r-wrapper brz-css-1n3hf0c brz-wrapper\">\n<div class=\"brz-spacer brz-css-d-spacer brz-css-b4z7nc\"><\/div>\n<\/div>\n<div class=\"brz-row__container brz-css-d-row-row brz-css-1mchs9s\" data-brz-custom-id=\"hsfW7oMaSeP7\">\n<div class=\"brz-row brz-row--inner brz-css-d-row-container brz-css-1baj83a\">\n<div class=\"brz-columns brz-css-d-column-column brz-css-lkiqj2\" data-brz-custom-id=\"lEpZ1z9GUxfw\">\n<div class=\"brz-column__items brz-css-d-column-bg brz-css-o13y10\">\n<div id=\"\" class=\"brz-css-d-wrapper brz-css-1c5jxhz brz-wrapper\">\n<div class=\"brz-icon-text brz-css-d-icontext brz-css-151i062\" data-brz-custom-id=\"iyKixaX2s22M\">\n<div class=\"brz-icon__container\" data-brz-custom-id=\"nR8HujDTgz9Y\"><span class=\"brz-icon brz-span brz-css-d-icon-icon brz-css-1xemxxy\"><\/span><\/div>\n<div class=\"brz-text-btn\">\n<div class=\"brz-rich-text brz-rich-text__custom brz-css-d-richtext brz-css-1xw5by1\" data-brz-custom-id=\"cIBdRJJXo8ei\">\n<div data-brz-translate-text=\"1\">\n<p class=\"brz-ff-lato brz-lh-lg-1_5 brz-lh-sm-im-1_4 brz-lh-xs-im-1_4 brz-ls-lg-m_0_5 brz-ls-sm-im-m_0_5 brz-ls-xs-im-0 brz-ft-google brz-fw-lg-700 brz-fw-sm-im-700 brz-fw-xs-im-700 brz-fs-lg-17 brz-fs-sm-im-17 brz-fs-xs-im-15 brz-css-e6WTD\"><span class=\"brz-cp-color8\">03 21 74 83 15<\/span><\/p>\n<\/div>\n<\/div>\n<\/div>\n<\/div>\n<\/div>\n<\/div>\n<\/div>\n<div class=\"brz-columns brz-css-d-column-column brz-css-8coa77\" data-brz-custom-id=\"flm_rIezZ0pv\">\n<div class=\"brz-column__items brz-css-d-column-bg brz-css-rt4ibt\">\n<div id=\"\" class=\"brz-css-d-wrapper brz-css-5r2myp brz-wrapper\">\n<div class=\"brz-icon-text brz-css-d-icontext brz-css-1srz8k8\" data-brz-custom-id=\"t65g77Q2kHKm\">\n<div class=\"brz-icon__container\" data-brz-custom-id=\"z0onsulm12JY\"><span class=\"brz-icon brz-span brz-css-d-icon-icon brz-css-rlsexv\"><\/span><\/div>\n<div class=\"brz-text-btn\">\n<div class=\"brz-rich-text brz-rich-text__custom brz-css-d-richtext brz-css-15snlbl\" data-brz-custom-id=\"c9_sY5hBqott\">\n<div data-brz-translate-text=\"1\">\n<h4 class=\"brz-text-xs-justify brz-fw-xs-im-700 brz-fw-sm-im-700 brz-fw-lg-700 brz-ft-google brz-ff-lato brz-ls-xs-im-0 brz-ls-sm-im-m_0_5 brz-ls-lg-m_0_5 brz-lh-xs-im-1_4 brz-lh-sm-im-1_4 brz-lh-lg-1_5 brz-mb-lg-0 brz-fs-lg-17 brz-fs-sm-im-17 brz-fs-xs-im-15 brz-css-nd43s\"><span class=\"brz-cp-color8\">contact@memorial1418.com<\/span><\/h4>\n<\/div>\n<\/div>\n<\/div>\n<\/div>\n<\/div>\n<\/div>\n<\/div>\n<\/div>\n<\/div>\n<div class=\"brz-row__container brz-css-d-row-row brz-css-192pscj\" data-brz-custom-id=\"lCDujZzF3Xlq\">\n<div class=\"brz-row brz-row--inner brz-css-d-row-container brz-css-r-row-container brz-css-1ngexl2\">\n<div class=\"brz-columns brz-css-d-column-column brz-css-1x14ye0\" data-brz-custom-id=\"sY61Us1oLITJ\">\n<div class=\"brz-column__items brz-css-d-column-bg brz-css-11lbrsq\">\n<div id=\"\" class=\"brz-css-d-wrapper brz-css-yte82g brz-wrapper\">\n<div class=\"brz-icon-text brz-css-d-icontext brz-css-88jotk\" data-brz-custom-id=\"i6GarnDHLvjn\">\n<div class=\"brz-icon__container\" data-brz-custom-id=\"oM1b4mFh2Xqe\"><span class=\"brz-icon brz-span brz-css-d-icon-icon brz-css-12jj09q\"><\/span><\/div>\n<div class=\"brz-text-btn\">\n<div class=\"brz-rich-text brz-rich-text__custom brz-css-d-richtext brz-css-13nm1f4\" data-brz-custom-id=\"w5FO7KpeYqVu\">\n<div data-brz-translate-text=\"1\">\n<h4 class=\"brz-text-xs-justify brz-fw-xs-im-700 brz-fw-sm-im-700 brz-fw-lg-700 brz-ft-google brz-ff-lato brz-ls-xs-im-0 brz-ls-sm-im-m_0_5 brz-ls-lg-m_0_5 brz-lh-xs-im-1_4 brz-lh-sm-im-1_4 brz-lh-lg-1_5 brz-mb-lg-0 brz-fs-lg-17 brz-fs-sm-im-17 brz-fs-xs-im-15 brz-css-izAXh\"><a class=\"link--external brz-cp-color8\" href=\"https:\/\/fr-fr.facebook.com\/Memorial1418NotreDamedeLorette\/\" data-brz-link-type=\"external\" target=\"_blank\" rel=\"noopener\">Facebook<\/a><\/h4>\n<\/div>\n<\/div>\n<\/div>\n<\/div>\n<\/div>\n<\/div>\n<\/div>\n<div class=\"brz-columns brz-css-d-column-column brz-css-1al3tvx\" data-brz-custom-id=\"z3OKYebBajrv\">\n<div class=\"brz-column__items brz-css-d-column-bg brz-css-19cz992\">\n<div id=\"\" class=\"brz-css-d-wrapper brz-css-16vand3 brz-wrapper\">\n<div class=\"brz-icon-text brz-css-d-icontext brz-css-1rdnxmv\" data-brz-custom-id=\"irJLu6WE0_ys\">\n<div class=\"brz-icon__container\" data-brz-custom-id=\"qoaWbQlh9Ljb\"><span class=\"brz-icon brz-span brz-css-d-icon-icon brz-css-12odj4h\"><\/span><\/div>\n<div class=\"brz-text-btn\">\n<div class=\"brz-rich-text brz-rich-text__custom brz-css-d-richtext brz-css-dbobiq\" data-brz-custom-id=\"eeq0LJJpe0wp\">\n<div data-brz-translate-text=\"1\">\n<h4 class=\"brz-fs-xs-im-15 brz-fs-sm-im-17 brz-fs-lg-17 brz-mb-lg-0 brz-lh-lg-1_5 brz-lh-sm-im-1_4 brz-lh-xs-im-1_4 brz-ls-lg-m_0_5 brz-ls-sm-im-m_0_5 brz-ls-xs-im-0 brz-ff-lato brz-ft-google brz-fw-lg-700 brz-fw-sm-im-700 brz-fw-xs-im-700 brz-text-xs-justify brz-css-ppwZe\"><a class=\"link--external brz-cp-color8\" href=\"https:\/\/www.instagram.com\/memorial1418lorette\/\" data-brz-link-type=\"external\" target=\"_blank\" rel=\"noopener\">Instagram<\/a><\/h4>\n<\/div>\n<\/div>\n<\/div>\n<\/div>\n<\/div>\n<\/div>\n<\/div>\n<\/div>\n<\/div>\n<div id=\"\" class=\"brz-css-d-wrapper brz-css-mpzkqr brz-wrapper\">\n<div class=\"brz-icon-text brz-css-d-icontext brz-css-1u2egbg\" data-brz-custom-id=\"wGfp8ghT4Bhq\">\n<div class=\"brz-icon__container\" data-brz-custom-id=\"czPztTRzVUky\"><span class=\"brz-icon brz-span brz-css-d-icon-icon brz-css-ppje2e\"><\/span><\/div>\n<div class=\"brz-text-btn\">\n<div class=\"brz-rich-text brz-rich-text__custom brz-css-d-richtext brz-css-1vwnt3\" data-brz-custom-id=\"qTIve_8uytUz\">\n<div data-brz-translate-text=\"1\">\n<h4 class=\"brz-fs-xs-im-15 brz-fs-sm-im-17 brz-fs-lg-17 brz-mb-lg-0 brz-lh-lg-1_5 brz-lh-sm-im-1_4 brz-lh-xs-im-1_4 brz-ls-lg-m_0_5 brz-ls-sm-im-m_0_5 brz-ls-xs-im-0 brz-ff-lato brz-ft-google brz-fw-lg-700 brz-fw-sm-im-700 brz-fw-xs-im-700 brz-text-xs-justify brz-css-cgWVj\"><span class=\"brz-cp-color8\">102 Rue Pasteur, Parking par \u00ab\u00a0Chemin de Lens\u00a0\u00bb, 62153 Souchez<\/span><\/h4>\n<\/div>\n<\/div>\n<\/div>\n<\/div>\n<\/div>\n<div id=\"\" class=\"brz-css-d-wrapper brz-css-mqcjuf brz-wrapper\">\n<div class=\"brz-icon-text brz-css-d-icontext brz-css-to2f1t\" data-brz-custom-id=\"z5k_XWAVE4_6\">\n<div class=\"brz-icon__container\" data-brz-custom-id=\"zdAQ6ayJgNPz\"><span class=\"brz-icon brz-span brz-css-d-icon-icon brz-css-1q1yq8w\"><\/span><\/div>\n<div class=\"brz-text-btn\">\n<div class=\"brz-rich-text brz-rich-text__custom brz-css-d-richtext brz-css-bofsvr\" data-brz-custom-id=\"xntqdKBp7aDO\">\n<div data-brz-translate-text=\"1\">\n<p class=\"brz-lh-xs-1_6 brz-lh-sm-1_6 brz-lh-lg-1_5 brz-fs-xs-15 brz-fs-sm-15 brz-fs-lg-16 brz-css-q38_w\" data-uniq-id=\"gsN7V\" data-generated-css=\"brz-css-k0yD_\"><strong class=\"brz-cp-color8\">From 1 April to 11 November<\/strong><\/p>\n<p class=\"brz-lh-xs-1_6 brz-lh-sm-1_6 brz-lh-lg-1_5 brz-fs-xs-15 brz-fs-sm-15 brz-fs-lg-16 brz-bcp-color8 brz-css-qLgTH\" data-uniq-id=\"hkDn_\" data-generated-css=\"brz-css-x_dI1\"><span class=\"brz-cp-color8\">\u2022 from Wednesday to Friday 10\u00a0a.m. - 1\u00a0p.m. \/ 2\u00a0p.m. - 6\u00a0p.m.<\/span><\/p>\n<p class=\"brz-lh-xs-1_6 brz-lh-sm-1_6 brz-lh-lg-1_5 brz-fs-xs-15 brz-fs-sm-15 brz-fs-lg-16 brz-bcp-color8 brz-css-zQsuQ\" data-uniq-id=\"xJxkt\" data-generated-css=\"brz-css-zOwj9\"><span class=\"brz-cp-color8\">\u2022 Saturday and Sunday 11\u00a0a.m. - 1\u00a0p.m. \/ 2\u00a0p.m. - 6\u00a0p.m.<\/span><\/p>\n<p class=\"brz-lh-xs-1_6 brz-lh-sm-1_6 brz-lh-lg-1_5 brz-fs-xs-15 brz-fs-sm-15 brz-fs-lg-16 brz-css-fFT6k\" data-uniq-id=\"ttghD\" data-generated-css=\"brz-css-dP4rW\"><span class=\"brz-cp-color8\"> <\/span><\/p>\n<p class=\"brz-lh-xs-1_6 brz-lh-sm-1_6 brz-lh-lg-1_5 brz-fs-xs-15 brz-fs-sm-15 brz-fs-lg-16 brz-css-mxVow\" data-uniq-id=\"mwvzm\" data-generated-css=\"brz-css-m0RCD\"><span class=\"brz-cp-color8\">From 12 November to 31 March<\/span><\/p>\n<p class=\"brz-lh-xs-1_6 brz-lh-sm-1_6 brz-lh-lg-1_5 brz-fs-xs-15 brz-fs-sm-15 brz-fs-lg-16 brz-bcp-color8 brz-css-p7x67\" data-uniq-id=\"rPBMa\" data-generated-css=\"brz-css-hLEoU\"><span class=\"brz-cp-color8\">\u2022 from Wednesday to Sunday 1\u00a0p.m. - 5\u00a0p.m.<\/span><\/p>\n<p class=\"brz-lh-xs-1_6 brz-lh-sm-1_6 brz-lh-lg-1_5 brz-fs-xs-15 brz-fs-sm-15 brz-fs-lg-16 brz-css-a5_K7\" data-uniq-id=\"aFA6q\" data-generated-css=\"brz-css-uKboK\"><\/p>\n<h4 class=\"brz-lh-xs-1_6 brz-lh-sm-1_6 brz-lh-lg-1_5 brz-fs-xs-15 brz-fs-sm-15 brz-fs-lg-16 brz-mb-lg-0 brz-ls-lg-m_0_5 brz-ls-sm-m_0_5 brz-ls-xs-0 brz-ff-lato brz-ft-google brz-fw-lg-700 brz-fw-sm-700 brz-fw-xs-700 brz-text-xs-justify brz-css-hEfKY\" data-uniq-id=\"tvvGs\" data-generated-css=\"brz-css-ttfdR\"><span class=\"brz-cp-color8\"> Ferm\u00e9 le lundi et le mardi \u2013 Ferm\u00e9 en janvier &#8211; <\/span><strong class=\"brz-cp-color8\">Closed the may on 1st, on july the 14th, on december the 25th and on january the 1st<\/strong><\/h4>\n<\/div>\n<\/div>\n<\/div>\n<\/div>\n<\/div>\n<\/div>\n<\/div>\n<div class=\"brz-columns brz-css-d-column-column brz-css-fsrr7i\" data-brz-custom-id=\"pa_B9FdiSyFO\">\n<div class=\"brz-column__items brz-css-d-column-bg brz-css-i73bwf\">\n<div id=\"\" class=\"brz-css-d-wrapper brz-css-o43ikh brz-wrapper\">\n<div class=\"brz-image brz-css-d-image-wen8rl8agc36-parent brz-css-xmgluc\" data-brz-custom-id=\"wEN8Rl8aGC36\"><img decoding=\"async\" class=\"brz-img\" src=\"https:\/\/memorial1418.com\/wp-content\/uploads\/brizy\/imgs\/Carte-1-713x436x0x0x713x436x1636467811.png\" loading=\"lazy\" title=\"carte-nord-pas-de-calais\"><\/div>\n<\/div>\n<div id=\"\" class=\"brz-css-d-wrapper brz-css-r-wrapper brz-css-1uy3x54 brz-wrapper\">\n<div class=\"brz-spacer brz-css-d-spacer brz-css-17yigcw\"><\/div>\n<\/div>\n<div class=\"brz-row__container brz-css-d-row-row brz-css-1dtqgm7\" data-brz-custom-id=\"pn5MArGTkMhk\">\n<div class=\"brz-row brz-row--inner brz-css-d-row-container brz-css-r-row-container brz-css-1g4fwt3\">\n<div class=\"brz-columns brz-css-d-column-column brz-css-2h2qj3\" data-brz-custom-id=\"dA1DohHgZ_ap\">\n<div class=\"brz-column__items brz-css-d-column-bg brz-css-bqpogf\">\n<div id=\"\" class=\"brz-css-d-wrapper brz-css-105bzp9 brz-wrapper\">\n<div class=\"brz-image brz-css-d-image-of70tgeyjmwh-parent brz-css-1r1si6d\" data-brz-custom-id=\"oF70tgEyjMWH\"><a class=\"brz-a\" target=\"_self\" rel=\"noopener\" href=\"https:\/\/tourisme-lenslievin.fr\/\" data-brz-link-type=\"external\"><img decoding=\"async\" class=\"brz-img\" src=\"https:\/\/memorial1418.com\/wp-content\/uploads\/brizy\/imgs\/Logo_Lens-Lievin-Henin-Carvin_14-358x253x0x77x358x99x1712301769.png\" loading=\"lazy\" title=\"\"><\/a><\/div>\n<\/div>\n<\/div>\n<\/div>\n<div class=\"brz-columns brz-css-d-column-column brz-css-1jm3wqi\" data-brz-custom-id=\"rxowQTl2n7xN\">\n<div class=\"brz-column__items brz-css-d-column-bg brz-css-hei9bu\">\n<div id=\"\" class=\"brz-css-d-wrapper brz-css-trxfjv brz-wrapper\">\n<div class=\"brz-image brz-css-d-image-wcfjavxrcyng-parent brz-css-hi0g4v\" data-brz-custom-id=\"wcfJAVXrcYnG\"><a class=\"brz-a\" target=\"_self\" rel=\"noopener\" href=\"https:\/\/www.agglo-lenslievin.fr\/\" data-brz-link-type=\"external\"><img decoding=\"async\" class=\"brz-img\" src=\"https:\/\/memorial1418.com\/wp-content\/uploads\/brizy\/imgs\/LOGO-CALL-_BLANC-233x131x0x7x233x117x1636469476.png\" loading=\"lazy\" title=\"logo call - communaut\u00e9 d'agglom\u00e9ration lens lievin\"><\/a><\/div>\n<\/div>\n<\/div>\n<\/div>\n<\/div>\n<\/div>\n<\/div>\n<\/div>\n<\/div>\n<\/div>\n<div class=\"brz-row__container brz-css-d-row-row brz-css-nny15o\" data-brz-custom-id=\"lAT3VEId8IRH\">\n<div class=\"brz-row brz-css-d-row-container brz-css-r-row-container brz-css-wvg7ua\">\n<div class=\"brz-columns brz-css-d-column-column brz-css-108z2ux\" data-brz-custom-id=\"lpUYbk5rThqa\">\n<div class=\"brz-column__items brz-css-d-column-bg brz-css-ecc5t7\">\n<div class=\"brz-row__container brz-css-d-row-row brz-css-33p6zq\" data-brz-custom-id=\"eps5dfAvamcq\">\n<div class=\"brz-row brz-row--inner brz-css-d-row-container brz-css-1qsyvv0\">\n<div class=\"brz-columns brz-css-d-column-column brz-css-1kpli7z\" data-brz-custom-id=\"uSzbiRDqZEcB\">\n<div class=\"brz-column__items brz-css-d-column-bg brz-css-1tsbghc\">\n<div id=\"\" class=\"brz-css-d-wrapper brz-css-1exqupk brz-wrapper\">\n<div class=\"brz-rich-text brz-rich-text__custom brz-css-d-richtext brz-css-16yby6h\" data-brz-custom-id=\"mfFU2HckK9kd\">\n<div data-brz-translate-text=\"1\">\n<p class=\"brz-lh-lg-1_8 brz-lh-sm-1_8 brz-lh-xs-1_8 brz-ls-lg-0 brz-ls-sm-0 brz-ls-xs-0 brz-ff-lato brz-ft-google brz-fw-lg-700 brz-fw-sm-700 brz-fw-xs-700 brz-fs-lg-13 brz-fs-sm-11 brz-fs-xs-11 brz-text-lg-center brz-css-rPtkY\" data-uniq-id=\"h2U00\" data-generated-css=\"brz-css-nwFkc\"><a class=\"link--external brz-cp-color8\" href=\"https:\/\/memorial1418.com\/mentions-legales\/\" data-brz-link-type=\"external\" target=\"_blank\" rel=\"noreferrer noopener\">Legal Notice<\/a><span class=\"brz-cp-color8 brz-span\"> | C<\/span><a class=\"brz-cp-color8 link--external\" href=\"https:\/\/tourisme-lens.fr\/conditions-particulieres-de-vente-de-lens-tourisme\/\" data-brz-link-type=\"external\" target=\"_blank\" rel=\"noreferrer noopener\">onditions particuli\u00e8res de vente<\/a><span class=\"brz-cp-color8 brz-span\"> <strong>|<\/strong> <\/span><a class=\"brz-cp-color8 link--external\" href=\"https:\/\/memorial1418.com\/politique-de-confidentialite\/\" data-brz-link-type=\"external\" target=\"_blank\" rel=\"noreferrer noopener\">Privacy Policy <\/a><strong class=\"brz-cp-color8\"> | <\/strong><a class=\"link--external brz-cp-color8\" href=\"https:\/\/memorial1418.com\/wp-content\/uploads\/2021\/10\/charte_d_ethique_memorial1418.pdf\" data-brz-link-type=\"external\" target=\"_blank\" rel=\"noreferrer noopener\">Charte d\u2019\u00e9thique des lieux de m\u00e9moire&nbsp;<\/a><\/p>\n<\/div>\n<\/div>\n<\/div>\n<\/div>\n<\/div>\n<\/div>\n<\/div>\n<\/div>\n<\/div>\n<\/div>\n<\/div>\n<\/div>\n<\/div>\n<\/section><\/div>\n<p><!-- version:1770111332 --><\/p>","protected":false},"excerpt":{"rendered":"<p>journ\u00e9es europ\u00e9ennes de l&rsquo;arch\u00e9ologie Les 13 et 14 juin 2026 Passionn\u00e9s d\u2019histoire ou simples curieux, en famille, venez d\u00e9couvrir les coulisses du patrimoine et de la recherche arch\u00e9ologique. Cette ann\u00e9e l&rsquo;\u00e9quipe du M\u00e9morial 14-18 Notre-Dame de Lorette propose une programmation avec une visite guid\u00e9e et un atelier pour le jeune public. Dans la peau d&rsquo;un&#8230;<\/p>","protected":false},"author":1,"featured_media":0,"parent":0,"menu_order":0,"comment_status":"closed","ping_status":"closed","template":"","meta":{"_kad_post_transparent":"","_kad_post_title":"","_kad_post_layout":"","_kad_post_sidebar_id":"","_kad_post_content_style":"","_kad_post_vertical_padding":"","_kad_post_feature":"","_kad_post_feature_position":"","_kad_post_header":false,"_kad_post_footer":false,"_kad_post_classname":"","footnotes":""},"class_list":["post-78439","page","type-page","status-publish","hentry"],"brizy_media":[{"id":23945,"url":"https:\/\/memorial1418.com\/wp-content\/uploads\/2021\/02\/Vest-pocket-serigraphie-web-2.png","name":"Vest-pocket-serigraphie-web-2.png","meta":{"brizy_attachment_uid":"wp-a81d5ba83717a73e50436301c7fe17a7.png","brizy_post_uid":["5c4466338ea823e3996294e4b16fc585","36cb9f0eb12d3d28f9ba2e0168d54146"]}},{"id":23939,"url":"https:\/\/memorial1418.com\/wp-content\/uploads\/2021\/02\/Atelier-serigraphie-scaled.jpg","name":"Atelier-serigraphie.jpg","meta":{"brizy_attachment_uid":"wp-d11732cdefff0801be183843daafa7d1.jpg","brizy_post_uid":["5c4466338ea823e3996294e4b16fc585","36cb9f0eb12d3d28f9ba2e0168d54146","c79eb881ded4bf20b7600d1589290749","c28cb8280aa51518edca043433b76daa"]}},{"id":23948,"url":"https:\/\/memorial1418.com\/wp-content\/uploads\/2021\/02\/Visite-flash-de-lexpo-scaled.jpg","name":"Visite-flash-de-lexpo.jpg","meta":{"brizy_attachment_uid":"wp-919b514973af4adf9b8468139346de1c.jpg","brizy_post_uid":["5c4466338ea823e3996294e4b16fc585","36cb9f0eb12d3d28f9ba2e0168d54146"]}},{"id":19238,"url":"https:\/\/memorial1418.com\/wp-content\/uploads\/2020\/12\/IMG_8176-2.jpg","name":"IMG_8176-2.jpg","meta":{"brizy_attachment_uid":"wp-06f0399024b362280923271d64a7c541.jpg","brizy_post_uid":["e4529d0fe32a03a05f24aeab867d99a8","9599edaaeab8d4fa11a386c89c2006c6","d5323cb043c82127a753110a3c8c228c","5c4466338ea823e3996294e4b16fc585","36cb9f0eb12d3d28f9ba2e0168d54146"]}},{"id":23938,"url":"https:\/\/memorial1418.com\/wp-content\/uploads\/2021\/02\/Atelier-serigraphie-2-scaled.jpg","name":"Atelier-serigraphie-2.jpg","meta":{"brizy_attachment_uid":"wp-5534f09d4b58430ec88de75136646f9e.jpg","brizy_post_uid":["5c4466338ea823e3996294e4b16fc585","36cb9f0eb12d3d28f9ba2e0168d54146","c79eb881ded4bf20b7600d1589290749"]}},{"id":23949,"url":"https:\/\/memorial1418.com\/wp-content\/uploads\/2021\/02\/Visite-sensorielle-\u00a9PIDZ.jpg","name":"Visite-sensorielle-\u00a9PIDZ.jpg","meta":{"brizy_attachment_uid":"wp-5b56ce8975fabd562cc9af64991ad06c.jpg","brizy_post_uid":["5c4466338ea823e3996294e4b16fc585","36cb9f0eb12d3d28f9ba2e0168d54146","c79eb881ded4bf20b7600d1589290749"]}},{"id":23950,"url":"https:\/\/memorial1418.com\/wp-content\/uploads\/2021\/02\/Visite-sensorielle-plaque-de-verre-et-visionneuse.jpg","name":"Visite-sensorielle-plaque-de-verre-et-visionneuse.jpg","meta":{"brizy_attachment_uid":"wp-e6ca56dffbb5bfed82aa730824f7e8b7.jpg","brizy_post_uid":["36cb9f0eb12d3d28f9ba2e0168d54146"]}},{"id":21397,"url":"https:\/\/memorial1418.com\/wp-content\/uploads\/2020\/12\/SPA-16-BO-873.jpg","name":"SPA-16-BO-873.jpg","meta":{"brizy_attachment_uid":"wp-774fff5c5359cb732c6a953f3f35b15e.jpg","brizy_post_uid":["5c4466338ea823e3996294e4b16fc585","c79eb881ded4bf20b7600d1589290749","36cb9f0eb12d3d28f9ba2e0168d54146"]}},{"id":23941,"url":"https:\/\/memorial1418.com\/wp-content\/uploads\/2021\/02\/Edouard-Elias_par_Helene-Pambrun-400x600-1.jpg","name":"Edouard-Elias_par_Helene-Pambrun-400x600-1.jpg","meta":{"brizy_attachment_uid":"wp-0f795f2807ce930fa4880e58e74f2cae.jpg","brizy_post_uid":["5c4466338ea823e3996294e4b16fc585","c79eb881ded4bf20b7600d1589290749","36cb9f0eb12d3d28f9ba2e0168d54146","e4529d0fe32a03a05f24aeab867d99a8"]}},{"id":27972,"url":"https:\/\/memorial1418.com\/wp-content\/uploads\/2021\/09\/unnamed.jpg","name":"unnamed.jpg","meta":{"brizy_attachment_uid":"wp-2480519ae212ebd6ade255772c251fac.jpg","brizy_post_uid":["36cb9f0eb12d3d28f9ba2e0168d54146","e4529d0fe32a03a05f24aeab867d99a8","5c4466338ea823e3996294e4b16fc585","c79eb881ded4bf20b7600d1589290749"]}},{"id":19235,"url":"https:\/\/memorial1418.com\/wp-content\/uploads\/2020\/12\/IMG_0697.jpg","name":"IMG_0697.jpg","meta":{"brizy_attachment_uid":"wp-1eefa351d2997520e4b62fd62d848786.jpg","brizy_post_uid":["e4529d0fe32a03a05f24aeab867d99a8","9599edaaeab8d4fa11a386c89c2006c6","d5323cb043c82127a753110a3c8c228c","36cb9f0eb12d3d28f9ba2e0168d54146"]}},{"id":28172,"url":"https:\/\/memorial1418.com\/wp-content\/uploads\/2021\/09\/igor-lepilin-fjmPfKvayzA-unsplash-scaled.jpg","name":"igor-lepilin-fjmPfKvayzA-unsplash.jpg","meta":{"brizy_attachment_uid":"wp-39a643b7dba05275806a334c20bcba80.jpg","brizy_post_uid":["36cb9f0eb12d3d28f9ba2e0168d54146","c79eb881ded4bf20b7600d1589290749","5c4466338ea823e3996294e4b16fc585","e4529d0fe32a03a05f24aeab867d99a8"]}},{"id":28338,"url":"https:\/\/memorial1418.com\/wp-content\/uploads\/2021\/09\/Visuel-Le-Maner-scaled.jpg","name":"Visuel-Le-Maner.jpg","meta":{"brizy_attachment_uid":"wp-c2e8fb8d0a62911f8a7f169b8becbf0e.jpg","brizy_post_uid":["36cb9f0eb12d3d28f9ba2e0168d54146"]}},{"id":28491,"url":"https:\/\/memorial1418.com\/wp-content\/uploads\/2021\/09\/flamboyant-2-scaled.jpg","name":"flamboyant-2.jpg","meta":{"brizy_attachment_uid":"wp-6afe2c5335bc128599ca509ff2638f2d.jpg","brizy_post_uid":["36cb9f0eb12d3d28f9ba2e0168d54146"]}},{"id":28553,"url":"https:\/\/memorial1418.com\/wp-content\/uploads\/2021\/09\/640x480_velo-anneau-1622.jpeg","name":"640x480_velo-anneau-1622.jpeg","meta":{"brizy_attachment_uid":"wp-3626332b5d2fbc8341c08aeb46c474df.jpeg","brizy_post_uid":["36cb9f0eb12d3d28f9ba2e0168d54146","e4529d0fe32a03a05f24aeab867d99a8","8108fd28664e2bcbeb66ca20f39c11c8","c28cb8280aa51518edca043433b76daa"]}},{"id":28552,"url":"https:\/\/memorial1418.com\/wp-content\/uploads\/2021\/09\/640x480_piquenique-mont-saint-eloi-p-roches-4-1623.jpeg","name":"640x480_piquenique-mont-saint-eloi-p-roches-4-1623.jpeg","meta":{"brizy_attachment_uid":"wp-f3a270a822e837516c8b73db465b8969.jpeg","brizy_post_uid":["36cb9f0eb12d3d28f9ba2e0168d54146"]}},{"id":28584,"url":"https:\/\/memorial1418.com\/wp-content\/uploads\/2021\/09\/640x480_rando-v-lo-de-la-m-moire-collines-et-plaines-d-artois-p-roches-2-1624.jpeg","name":"640x480_rando-v-lo-de-la-m-moire-collines-et-plaines-d-artois-p-roches-2-1624.jpeg","meta":{"brizy_attachment_uid":"wp-f2604b0fb41f7fcd4560b2309b96b8f9.jpeg","brizy_post_uid":["36cb9f0eb12d3d28f9ba2e0168d54146","e4529d0fe32a03a05f24aeab867d99a8","c79eb881ded4bf20b7600d1589290749","5c4466338ea823e3996294e4b16fc585"]}},{"id":28953,"url":"https:\/\/memorial1418.com\/wp-content\/uploads\/2021\/10\/BalDesCoquelicots-HD-17-scaled.jpg","name":"BalDesCoquelicots-HD-17.jpg","meta":{"brizy_attachment_uid":"wp-f5fe70abc1c256f1f7a9658c09c9457a.jpg","brizy_post_uid":["36cb9f0eb12d3d28f9ba2e0168d54146"]}},{"id":19234,"url":"https:\/\/memorial1418.com\/wp-content\/uploads\/2020\/12\/IMG_0692-1.jpg","name":"IMG_0692-1.jpg","meta":{"brizy_attachment_uid":"wp-49e2a75c7e56204e5d7816e33fa0f4a0.jpg","brizy_post_uid":["9599edaaeab8d4fa11a386c89c2006c6","36cb9f0eb12d3d28f9ba2e0168d54146","5c4466338ea823e3996294e4b16fc585","27160f03a808c4501b11b637090b666b"]}},{"id":30263,"url":"https:\/\/memorial1418.com\/wp-content\/uploads\/2021\/10\/Memorial_14-18\u20222020-06-05_Pidz-30\u2022HD-scaled.jpg","name":"Memorial_14-18\u20222020-06-05_Pidz-30\u2022HD.jpg","meta":{"brizy_attachment_uid":"wp-e824b541fbf3f7d75f819e83a7ac4903.jpg","brizy_post_uid":["36cb9f0eb12d3d28f9ba2e0168d54146","e4529d0fe32a03a05f24aeab867d99a8","bcf48756139eddbe0d1d93c41067433f"]}},{"id":30336,"url":"https:\/\/memorial1418.com\/wp-content\/uploads\/2021\/11\/visite-dessinee.jpg","name":"visite-dessinee.jpg","meta":{"brizy_attachment_uid":"wp-6d9a40160a23ca38c70b5dfc6d15f66f.jpg","brizy_post_uid":["36cb9f0eb12d3d28f9ba2e0168d54146"]}},{"id":32914,"url":"https:\/\/memorial1418.com\/wp-content\/uploads\/2022\/01\/expo-Mina-v2.jpg","name":"expo-Mina-v2.jpg","meta":{"brizy_attachment_uid":"wp-e3dcbef66c7003543bc31e9e582a226e.jpg","brizy_post_uid":["5c4466338ea823e3996294e4b16fc585","36cb9f0eb12d3d28f9ba2e0168d54146"]}},{"id":34950,"url":"https:\/\/memorial1418.com\/wp-content\/uploads\/2022\/02\/Memorial_14-18\u20222020-06-05_Pidz-65\u2022WEB-jeu-poilus.jpg","name":"Memorial_14-18\u20222020-06-05_Pidz-65\u2022WEB-jeu-poilus.jpg","meta":{"brizy_attachment_uid":"wp-51e5670ca2020dc59ebd7ba974b0f514.jpg","brizy_post_uid":["36cb9f0eb12d3d28f9ba2e0168d54146","5c4466338ea823e3996294e4b16fc585","e4529d0fe32a03a05f24aeab867d99a8"]}},{"id":34951,"url":"https:\/\/memorial1418.com\/wp-content\/uploads\/2022\/02\/Memorial_14-18\u20222020-06-05_Pidz-10\u2022WEB-jeu-poilus.jpg","name":"Memorial_14-18\u20222020-06-05_Pidz-10\u2022WEB-jeu-poilus.jpg","meta":{"brizy_attachment_uid":"wp-25828f235020088894b7ef2a35c4b21c.jpg","brizy_post_uid":["36cb9f0eb12d3d28f9ba2e0168d54146","e4529d0fe32a03a05f24aeab867d99a8","c28cb8280aa51518edca043433b76daa"]}},{"id":23942,"url":"https:\/\/memorial1418.com\/wp-content\/uploads\/2021\/02\/Section-Edouard-Elias-dans-lexpo-scaled.jpg","name":"Section-Edouard-Elias-dans-lexpo.jpg","meta":{"brizy_attachment_uid":"wp-7296b6ae0613a71e785750c666b1b94f.jpg","brizy_post_uid":["5c4466338ea823e3996294e4b16fc585","c28cb8280aa51518edca043433b76daa","36cb9f0eb12d3d28f9ba2e0168d54146"]}},{"id":23943,"url":"https:\/\/memorial1418.com\/wp-content\/uploads\/2021\/02\/Vest-pocket-web.png","name":"Vest-pocket-web.png","meta":{"brizy_attachment_uid":"wp-9a683e7eafc3df39e80367067ca87687.png","brizy_post_uid":["5c4466338ea823e3996294e4b16fc585","36cb9f0eb12d3d28f9ba2e0168d54146","e4529d0fe32a03a05f24aeab867d99a8","c28cb8280aa51518edca043433b76daa"]}},{"id":19224,"url":"https:\/\/memorial1418.com\/wp-content\/uploads\/2020\/12\/20181111_oubli_0011-2.jpg","name":"20181111_oubli_0011-2.jpg","meta":{"brizy_attachment_uid":"wp-7bafb380763855b3216c0cf1d1c96a31.jpg","brizy_post_uid":["9599edaaeab8d4fa11a386c89c2006c6","d5323cb043c82127a753110a3c8c228c","0dd2fa4f2ed921c769ce40b60a071ba8","c28cb8280aa51518edca043433b76daa","36cb9f0eb12d3d28f9ba2e0168d54146","6701ad562758a3330137d90178f69006"]}},{"id":19252,"url":"https:\/\/memorial1418.com\/wp-content\/uploads\/2020\/12\/Memorial_14-18\u20222020-06-05_Pidz-109\u2022WEB-copie.jpg","name":"Memorial_14-18\u20222020-06-05_Pidz-109\u2022WEB-copie.jpg","meta":{"brizy_attachment_uid":"wp-3e98b94013c711825193c07b80eb1eb3.jpg","brizy_post_uid":["9599edaaeab8d4fa11a386c89c2006c6","d5323cb043c82127a753110a3c8c228c","c28cb8280aa51518edca043433b76daa","36cb9f0eb12d3d28f9ba2e0168d54146"]}},{"id":35799,"url":"https:\/\/memorial1418.com\/wp-content\/uploads\/2022\/02\/MicrosoftTeams-image.png","name":"MicrosoftTeams-image.png","meta":{"brizy_attachment_uid":"wp-7520e30ddcb0fcdb2b9da4240bc9fab6.png","brizy_post_uid":["36cb9f0eb12d3d28f9ba2e0168d54146"]}},{"id":36044,"url":"https:\/\/memorial1418.com\/wp-content\/uploads\/2022\/02\/DSC_7857b-scaled.jpg","name":"DSC_7857b.jpg","meta":{"brizy_attachment_uid":"wp-e1dd1e89a15b13f261114d4fca3c3271.jpg","brizy_post_uid":["36cb9f0eb12d3d28f9ba2e0168d54146","5c4466338ea823e3996294e4b16fc585","c28cb8280aa51518edca043433b76daa"]}},{"id":36353,"url":"https:\/\/memorial1418.com\/wp-content\/uploads\/2022\/02\/visite-guidee-scaled.jpg","name":"visite-guidee.jpg","meta":{"brizy_attachment_uid":"wp-567332182ff5cad21e4a82f53dda3faf.jpg","brizy_post_uid":["c28cb8280aa51518edca043433b76daa","36cb9f0eb12d3d28f9ba2e0168d54146","e4529d0fe32a03a05f24aeab867d99a8","5c4466338ea823e3996294e4b16fc585"]}},{"id":40346,"url":"https:\/\/memorial1418.com\/wp-content\/uploads\/2022\/03\/MicrosoftTeams-image.jpg","name":"MicrosoftTeams-image.jpg","meta":{"brizy_attachment_uid":"wp-e263d0266bbd85d697dca11596ad1b30.jpg","brizy_post_uid":["36cb9f0eb12d3d28f9ba2e0168d54146","c28cb8280aa51518edca043433b76daa","e4529d0fe32a03a05f24aeab867d99a8"]}},{"id":40818,"url":"https:\/\/memorial1418.com\/wp-content\/uploads\/2022\/03\/Memoire-et-Art-Deco-scaled.jpg","name":"Memoire-et-Art-Deco.jpg","meta":{"brizy_attachment_uid":"wp-3a75438d0a68e4710f74c626a61054f8.jpg","brizy_post_uid":["c28cb8280aa51518edca043433b76daa","36cb9f0eb12d3d28f9ba2e0168d54146"]}},{"id":41048,"url":"https:\/\/memorial1418.com\/wp-content\/uploads\/2022\/03\/rencontre-benoit-cordonnier-scaled.jpg","name":"rencontre-benoit-cordonnier.jpg","meta":{"brizy_attachment_uid":"wp-1060b3dbd883db25a926d64795ecb80e.jpg","brizy_post_uid":["36cb9f0eb12d3d28f9ba2e0168d54146"]}},{"id":41084,"url":"https:\/\/memorial1418.com\/wp-content\/uploads\/2022\/03\/MicrosoftTeams-image-1-scaled.jpg","name":"MicrosoftTeams-image-1.jpg","meta":{"brizy_attachment_uid":"wp-4fbc97c738336d2121bfdcf0ddbaabcc.jpg","brizy_post_uid":["36cb9f0eb12d3d28f9ba2e0168d54146","c28cb8280aa51518edca043433b76daa"]}},{"id":20153,"url":"https:\/\/memorial1418.com\/wp-content\/uploads\/2020\/12\/Necropole-Lorette\u20222020-06-10_Pidz-584\u2022WEB-1.jpg","name":"Necropole-Lorette\u20222020-06-10_Pidz-584\u2022WEB-1.jpg","meta":{"brizy_attachment_uid":"wp-9e20576527a0bf1567c89aad1bcea310.jpg","brizy_post_uid":["36cb9f0eb12d3d28f9ba2e0168d54146","40b9aed3738d59f68b11bc590bc94427"]}},{"id":36191,"url":"https:\/\/memorial1418.com\/wp-content\/uploads\/2022\/02\/MicrosoftTeams-image-2.jpg","name":"MicrosoftTeams-image-2.jpg","meta":{"brizy_attachment_uid":"wp-211ee6ebc4d5c222b6a1451085c4ed6f.jpg","brizy_post_uid":["5c4466338ea823e3996294e4b16fc585","36cb9f0eb12d3d28f9ba2e0168d54146"]}},{"id":41801,"url":"https:\/\/memorial1418.com\/wp-content\/uploads\/2022\/03\/Journee-familles-vimy-scaled.jpg","name":"Journee-familles-vimy.jpg","meta":{"brizy_attachment_uid":"wp-5440d274336794182b25d7bfd712f348.jpg","brizy_post_uid":["36cb9f0eb12d3d28f9ba2e0168d54146"]}},{"id":41802,"url":"https:\/\/memorial1418.com\/wp-content\/uploads\/2022\/03\/MicrosoftTeams-image-5.png","name":"MicrosoftTeams-image-5.png","meta":{"brizy_attachment_uid":"wp-6c06eee54a069e2bb5c73a484e45d593.png","brizy_post_uid":["36cb9f0eb12d3d28f9ba2e0168d54146","6701ad562758a3330137d90178f69006","c28cb8280aa51518edca043433b76daa"]}},{"id":46254,"url":"https:\/\/memorial1418.com\/wp-content\/uploads\/2022\/04\/Sans-titre-3.jpg","name":"Sans-titre-3.jpg","meta":{"brizy_attachment_uid":"wp-647fff2413c1dac30139f2617de3dfc9.jpg","brizy_post_uid":["36cb9f0eb12d3d28f9ba2e0168d54146","6701ad562758a3330137d90178f69006"]}},{"id":46252,"url":"https:\/\/memorial1418.com\/wp-content\/uploads\/2022\/04\/Basilique-Notre-Dame-de-Lorette-\u00a9Sarah-Roynette-Lens-Lievin-Tourisme-scaled.jpg","name":"Basilique-Notre-Dame-de-Lorette-\u00a9Sarah-Roynette-Lens-Lievin-Tourisme.jpg","meta":{"brizy_attachment_uid":"wp-57a528a49cd9e2baf2b1190d223c15e2.jpg","brizy_post_uid":["36cb9f0eb12d3d28f9ba2e0168d54146","27160f03a808c4501b11b637090b666b"]}},{"id":19588,"url":"https:\/\/memorial1418.com\/wp-content\/uploads\/2020\/12\/necro.jpg","name":"necro.jpg","meta":{"brizy_attachment_uid":"wp-8f181ad88a8915efcea08d62b0900b96.jpg","brizy_post_uid":["9599edaaeab8d4fa11a386c89c2006c6","c79eb881ded4bf20b7600d1589290749","5c4466338ea823e3996294e4b16fc585","36cb9f0eb12d3d28f9ba2e0168d54146"]}},{"id":46253,"url":"https:\/\/memorial1418.com\/wp-content\/uploads\/2022\/04\/photo-serious-game-2.jpg","name":"photo-serious-game-2.jpg","meta":{"brizy_attachment_uid":"wp-19c95e4c2f4e92d05538f2d599799623.jpg","brizy_post_uid":["36cb9f0eb12d3d28f9ba2e0168d54146"]}},{"id":19678,"url":"https:\/\/memorial1418.com\/wp-content\/uploads\/2020\/12\/IMG-7754-3-scaled.jpg","name":"IMG-7754-3.jpg","meta":{"brizy_attachment_uid":"wp-acf55e13c3105a9e0d9172bf8aee37f2.jpg","brizy_post_uid":["d5323cb043c82127a753110a3c8c228c","8108fd28664e2bcbeb66ca20f39c11c8","9599edaaeab8d4fa11a386c89c2006c6","e4529d0fe32a03a05f24aeab867d99a8","c28cb8280aa51518edca043433b76daa","36cb9f0eb12d3d28f9ba2e0168d54146"]}},{"id":47196,"url":"https:\/\/memorial1418.com\/wp-content\/uploads\/2022\/05\/MicrosoftTeams-image-16.png","name":"MicrosoftTeams-image-16.png","meta":{"brizy_attachment_uid":"wp-b1f7ca4b11e522d883838ace209427e4.png","brizy_post_uid":["36cb9f0eb12d3d28f9ba2e0168d54146"]}},{"id":37216,"url":"https:\/\/memorial1418.com\/wp-content\/uploads\/2022\/02\/PMC6B4D.jpg","name":"PMC6B4D.jpg","meta":{"brizy_attachment_uid":"wp-36c6c2abdc45fb2167cd93db3c5d86fa.jpg","brizy_post_uid":["5c4466338ea823e3996294e4b16fc585","36cb9f0eb12d3d28f9ba2e0168d54146"]}},{"id":47553,"url":"https:\/\/memorial1418.com\/wp-content\/uploads\/2022\/05\/15-03-03_tranchees-assaut_large-1.jpg","name":"15-03-03_tranchees-assaut_large-1.jpg","meta":{"brizy_attachment_uid":"wp-f252583906463cc2310a93d703983d55.jpg","brizy_post_uid":["36cb9f0eb12d3d28f9ba2e0168d54146"]}},{"id":19223,"url":"https:\/\/memorial1418.com\/wp-content\/uploads\/2020\/12\/1090622-min.jpg","name":"1090622-min.jpg","meta":{"brizy_attachment_uid":"wp-b5d1a4f529d59b57fa710fd52f7a3b63.jpg","brizy_post_uid":["e4529d0fe32a03a05f24aeab867d99a8","9599edaaeab8d4fa11a386c89c2006c6","36cb9f0eb12d3d28f9ba2e0168d54146"]}},{"id":19228,"url":"https:\/\/memorial1418.com\/wp-content\/uploads\/2020\/12\/BrowserPreview_tmp-copie-1.jpg","name":"BrowserPreview_tmp-copie-1.jpg","meta":{"brizy_attachment_uid":"wp-b7742f60721dab1ab3d6f04b5b53154d.jpg","brizy_post_uid":["e4529d0fe32a03a05f24aeab867d99a8","c28cb8280aa51518edca043433b76daa","36cb9f0eb12d3d28f9ba2e0168d54146"]}},{"id":19247,"url":"https:\/\/memorial1418.com\/wp-content\/uploads\/2020\/12\/IMG-3357.jpg","name":"IMG-3357.jpg","meta":{"brizy_attachment_uid":"wp-06f0a0ae68d44ddf46cb755c78b4b6ee.jpg","brizy_post_uid":["c28cb8280aa51518edca043433b76daa","36cb9f0eb12d3d28f9ba2e0168d54146"]}},{"id":20155,"url":"https:\/\/memorial1418.com\/wp-content\/uploads\/2020\/12\/Notre-Dame-de-Lorette\u20222020-06-10_Pidz-767\u2022WEB-1.jpg","name":"Notre-Dame-de-Lorette\u20222020-06-10_Pidz-767\u2022WEB-1.jpg","meta":{"brizy_attachment_uid":"wp-dd5747bcea0f666115c418a37bc1ad07.jpg","brizy_post_uid":["36cb9f0eb12d3d28f9ba2e0168d54146","e4529d0fe32a03a05f24aeab867d99a8","c28cb8280aa51518edca043433b76daa"]}},{"id":19817,"url":"https:\/\/memorial1418.com\/wp-content\/uploads\/2020\/12\/IMG_2991-scaled.jpg","name":"IMG_2991.jpg","meta":{"brizy_attachment_uid":"wp-5f2a11244697185f8c494b82fd51593d.jpg","brizy_post_uid":["0dd2fa4f2ed921c769ce40b60a071ba8","36cb9f0eb12d3d28f9ba2e0168d54146"]}},{"id":19233,"url":"https:\/\/memorial1418.com\/wp-content\/uploads\/2020\/12\/IMG_0687.jpg","name":"IMG_0687.jpg","meta":{"brizy_attachment_uid":"wp-d818942142bb4ffa103e6d82358c7254.jpg","brizy_post_uid":["9599edaaeab8d4fa11a386c89c2006c6","36cb9f0eb12d3d28f9ba2e0168d54146"]}},{"id":52318,"url":"https:\/\/memorial1418.com\/wp-content\/uploads\/2022\/07\/flashlight-gfe675759d_1920.jpg","name":"flashlight-gfe675759d_1920.jpg","meta":{"brizy_attachment_uid":"wp-57ca98767327ae64456938b8287873c5.jpg","brizy_post_uid":["36cb9f0eb12d3d28f9ba2e0168d54146"]}},{"id":52321,"url":"https:\/\/memorial1418.com\/wp-content\/uploads\/2022\/07\/viewpoint-g34c5020ca_1920.jpg","name":"viewpoint-g34c5020ca_1920.jpg","meta":{"brizy_attachment_uid":"wp-36515ba6a60282f51cbd4aed17f43f26.jpg","brizy_post_uid":["36cb9f0eb12d3d28f9ba2e0168d54146","e4529d0fe32a03a05f24aeab867d99a8","c28cb8280aa51518edca043433b76daa"]}},{"id":52323,"url":"https:\/\/memorial1418.com\/wp-content\/uploads\/2022\/07\/photo17-1.jpg","name":"photo17-1.jpg","meta":{"brizy_attachment_uid":"wp-06a2d56276397f10cfb754aca60c88aa.jpg","brizy_post_uid":["36cb9f0eb12d3d28f9ba2e0168d54146"]}},{"id":52901,"url":"https:\/\/memorial1418.com\/wp-content\/uploads\/2022\/07\/2048x640_mea_tranchee3.jpg","name":"2048x640_mea_tranchee3.jpg","meta":{"brizy_attachment_uid":"wp-b61635e39c261af330e9ac82dd74bf01.jpg","brizy_post_uid":["36cb9f0eb12d3d28f9ba2e0168d54146"]}},{"id":52959,"url":"https:\/\/memorial1418.com\/wp-content\/uploads\/2022\/07\/sddefault.jpg","name":"sddefault.jpg","meta":{"brizy_attachment_uid":"wp-a0ca66f6db886c016b937a57309a59d5.jpg","brizy_post_uid":["36cb9f0eb12d3d28f9ba2e0168d54146"]}},{"id":53291,"url":"https:\/\/memorial1418.com\/wp-content\/uploads\/2022\/07\/boris-bobrov-8tWsZzZoPJ8-unsplash-scaled.jpg","name":"boris-bobrov-8tWsZzZoPJ8-unsplash.jpg","meta":{"brizy_attachment_uid":"wp-55605d18f2df550b76523ebc4cb204a0.jpg","brizy_post_uid":["36cb9f0eb12d3d28f9ba2e0168d54146"]}},{"id":53311,"url":"https:\/\/memorial1418.com\/wp-content\/uploads\/2022\/07\/linus-sandvide-GewlrE-mkk4-unsplash-scaled.jpg","name":"linus-sandvide-GewlrE-mkk4-unsplash.jpg","meta":{"brizy_attachment_uid":"wp-67729196f646c93ed875227220c31f0a.jpg","brizy_post_uid":["36cb9f0eb12d3d28f9ba2e0168d54146"]}},{"id":55466,"url":"https:\/\/memorial1418.com\/wp-content\/uploads\/2022\/07\/CE0A2068-scaled.jpg","name":"CE0A2068.jpg","meta":{"brizy_attachment_uid":"wp-1293eeca82df067d14d2087bcf5bd77d.jpg","brizy_post_uid":["36cb9f0eb12d3d28f9ba2e0168d54146"]}},{"id":55467,"url":"https:\/\/memorial1418.com\/wp-content\/uploads\/2022\/07\/Cimetiere-allemand-de-la-Maison-blanche-\u00a9Sarah-Roynette-Lens-Lievin-Tourisme-scaled.jpg","name":"Cimetiere-allemand-de-la-Maison-blanche-\u00a9Sarah-Roynette-Lens-Lievin-Tourisme.jpg","meta":{"brizy_attachment_uid":"wp-e7968415280d27adeeffa7721e061842.jpg","brizy_post_uid":["36cb9f0eb12d3d28f9ba2e0168d54146","1fe5ddcd6cdb1989aa63bfd5101339f9"]}},{"id":55469,"url":"https:\/\/memorial1418.com\/wp-content\/uploads\/2022\/07\/MicrosoftTeams-image.jpg","name":"MicrosoftTeams-image.jpg","meta":{"brizy_attachment_uid":"wp-c95aca81ae8b304a783fd9cee959efee.jpg","brizy_post_uid":["36cb9f0eb12d3d28f9ba2e0168d54146","e4529d0fe32a03a05f24aeab867d99a8"]}},{"id":55468,"url":"https:\/\/memorial1418.com\/wp-content\/uploads\/2022\/07\/image-20220218-101206-40718916-scaled.jpeg","name":"image-20220218-101206-40718916.jpeg","meta":{"brizy_attachment_uid":"wp-57e47f0d7e5539d7bcc163b97f2e28d2.jpeg","brizy_post_uid":["36cb9f0eb12d3d28f9ba2e0168d54146"]}},{"id":55533,"url":"https:\/\/memorial1418.com\/wp-content\/uploads\/2022\/07\/Memorial_14-18\u20222020-06-05_Pidz-70\u2022WEB.jpg","name":"Memorial_14-18\u20222020-06-05_Pidz-70\u2022WEB.jpg","meta":{"brizy_attachment_uid":"wp-f11880dce67d3056cf488d3a365bd96e.jpg","brizy_post_uid":["36cb9f0eb12d3d28f9ba2e0168d54146"]}},{"id":55724,"url":"https:\/\/memorial1418.com\/wp-content\/uploads\/2022\/08\/cwgc.png","name":"cwgc.png","meta":{"brizy_attachment_uid":"wp-1ad4e23e93ccf3ba3795ca4c34af8a31.png","brizy_post_uid":["36cb9f0eb12d3d28f9ba2e0168d54146"]}},{"id":55766,"url":"https:\/\/memorial1418.com\/wp-content\/uploads\/2022\/08\/Logo-long-bleu.png","name":"Logo-long-bleu.png","meta":{"brizy_attachment_uid":"wp-14b64c2372b21ca6893b4ec1c96bf3ac.png","brizy_post_uid":["36cb9f0eb12d3d28f9ba2e0168d54146"]}},{"id":55851,"url":"https:\/\/memorial1418.com\/wp-content\/uploads\/2022\/08\/1200px-Logo_VPAH.svg.png","name":"1200px-Logo_VPAH.svg.png","meta":{"brizy_attachment_uid":"wp-eaa08d96c9983df4097f911ea065ef50.png","brizy_post_uid":["36cb9f0eb12d3d28f9ba2e0168d54146"]}},{"id":58392,"url":"https:\/\/memorial1418.com\/wp-content\/uploads\/2022\/10\/DSC_2399-scaled.jpg","name":"DSC_2399.jpg","meta":{"brizy_attachment_uid":"wp-9ab5e5b260446bc08c72a531fb629d14.jpg","brizy_post_uid":["36cb9f0eb12d3d28f9ba2e0168d54146","e4529d0fe32a03a05f24aeab867d99a8"]}},{"id":58393,"url":"https:\/\/memorial1418.com\/wp-content\/uploads\/2022\/10\/11-novembre-anneau-2.jpg","name":"11-novembre-anneau-2.jpg","meta":{"brizy_attachment_uid":"wp-fd803021bd44d266f83646645868295b.jpg","brizy_post_uid":["36cb9f0eb12d3d28f9ba2e0168d54146","e4529d0fe32a03a05f24aeab867d99a8"]}},{"id":58398,"url":"https:\/\/memorial1418.com\/wp-content\/uploads\/2022\/10\/DSC_2367-scaled.jpg","name":"DSC_2367.jpg","meta":{"brizy_attachment_uid":"wp-44d0ff3a367e3eb2cc828017b52340b7.jpg","brizy_post_uid":["36cb9f0eb12d3d28f9ba2e0168d54146"]}},{"id":58400,"url":"https:\/\/memorial1418.com\/wp-content\/uploads\/2022\/10\/Capture-de\u0301cran-2022-10-17-a\u0300-16.52.02.png","name":"Capture-de\u0301cran-2022-10-17-a\u0300-16.52.02.png","meta":{"brizy_attachment_uid":"wp-ebbddb14041e13e510230434893f9d6f.png","brizy_post_uid":["36cb9f0eb12d3d28f9ba2e0168d54146"]}},{"id":19249,"url":"https:\/\/memorial1418.com\/wp-content\/uploads\/2020\/12\/IMG-7754-2.jpg","name":"IMG-7754-2.jpg","meta":{"brizy_attachment_uid":"wp-b01f5eee8a2014d16a29876dfb0fe439.jpg","brizy_post_uid":["e4529d0fe32a03a05f24aeab867d99a8","9599edaaeab8d4fa11a386c89c2006c6","d5323cb043c82127a753110a3c8c228c","36cb9f0eb12d3d28f9ba2e0168d54146","27160f03a808c4501b11b637090b666b"]}},{"id":56835,"url":"https:\/\/memorial1418.com\/wp-content\/uploads\/2022\/09\/MicrosoftTeams-image1.jpg","name":"MicrosoftTeams-image1.jpg","meta":{"brizy_attachment_uid":"wp-1d96f493912270acd1fdd3f8f3638a5c.jpg","brizy_post_uid":["5c4466338ea823e3996294e4b16fc585","36cb9f0eb12d3d28f9ba2e0168d54146"]}},{"id":56836,"url":"https:\/\/memorial1418.com\/wp-content\/uploads\/2022\/09\/A_Alain_Jacques-scaled.jpg","name":"A_Alain_Jacques.jpg","meta":{"brizy_attachment_uid":"wp-dd68f970872e6a9b052041774874194c.jpg","brizy_post_uid":["5c4466338ea823e3996294e4b16fc585","36cb9f0eb12d3d28f9ba2e0168d54146"]}},{"id":58273,"url":"https:\/\/memorial1418.com\/wp-content\/uploads\/2022\/09\/Capture-de\u0301cran-2022-09-28-a\u0300-14.07.20.png","name":"Capture-de\u0301cran-2022-09-28-a\u0300-14.07.20.png","meta":{"brizy_attachment_uid":"wp-fb9340cffbbf563fb9e12a10379533e9.png","brizy_post_uid":["27160f03a808c4501b11b637090b666b","36cb9f0eb12d3d28f9ba2e0168d54146"]}},{"id":60040,"url":"https:\/\/memorial1418.com\/wp-content\/uploads\/2022\/11\/memorial-neige.jpg","name":"memorial-neige.jpg","meta":{"brizy_attachment_uid":"wp-8541da3052518498ff18c0355b0d890b.jpg","brizy_post_uid":["36cb9f0eb12d3d28f9ba2e0168d54146","e4529d0fe32a03a05f24aeab867d99a8","c28cb8280aa51518edca043433b76daa"]}},{"id":60042,"url":"https:\/\/memorial1418.com\/wp-content\/uploads\/2022\/11\/Memorial_14-18\u20222020-06-05_Pidz-395\u2022WEB-641x427x87x0x468x427x1636468653.jpg","name":"Memorial_14-18\u20222020-06-05_Pidz-395\u2022WEB-641x427x87x0x468x427x1636468653.jpg","meta":{"brizy_attachment_uid":"wp-853a4edd25dfe68dbed91aa24860f3b8.jpg","brizy_post_uid":["36cb9f0eb12d3d28f9ba2e0168d54146","27160f03a808c4501b11b637090b666b"]}},{"id":60741,"url":"https:\/\/memorial1418.com\/wp-content\/uploads\/2023\/01\/logo-fromelles.jpg","name":"logo-fromelles.jpg","meta":{"brizy_attachment_uid":"wp-948c3a51a58452a51f1f686a3f6201a6.jpg","brizy_post_uid":["36cb9f0eb12d3d28f9ba2e0168d54146","27160f03a808c4501b11b637090b666b"]}},{"id":61124,"url":"https:\/\/memorial1418.com\/wp-content\/uploads\/2023\/01\/Capture-decran-2023-01-23-a-09.56.53.png","name":"Capture-decran-2023-01-23-a-09.56.53.png","meta":{"brizy_attachment_uid":"wp-ab54af28b8ef24cf2ad5e1e677202fbb.png","brizy_post_uid":["36cb9f0eb12d3d28f9ba2e0168d54146"]}},{"id":62013,"url":"https:\/\/memorial1418.com\/wp-content\/uploads\/2023\/04\/204.jpg","name":"204.jpg","meta":{"brizy_attachment_uid":"wp-44b634befe5f32302fedd1eb18d8dc77.jpg","brizy_post_uid":["6701ad562758a3330137d90178f69006","36cb9f0eb12d3d28f9ba2e0168d54146"]}},{"id":58138,"url":"https:\/\/memorial1418.com\/wp-content\/uploads\/2022\/09\/demineurs-compresse-scaled.jpg","name":"demineurs-compresse.jpg","meta":{"brizy_attachment_uid":"wp-68ce5eaee8a234ae88f6f46f2bf7a218.jpg","brizy_post_uid":["27160f03a808c4501b11b637090b666b","6701ad562758a3330137d90178f69006","36cb9f0eb12d3d28f9ba2e0168d54146"]}},{"id":60857,"url":"https:\/\/memorial1418.com\/wp-content\/uploads\/2023\/01\/detective-gd5503aeb8_1920.jpg","name":"detective-gd5503aeb8_1920.jpg","meta":{"brizy_attachment_uid":"wp-205662a23d6c6dea9b363425965f588f.jpg","brizy_post_uid":["27160f03a808c4501b11b637090b666b","6701ad562758a3330137d90178f69006","36cb9f0eb12d3d28f9ba2e0168d54146"]}},{"id":61939,"url":"https:\/\/memorial1418.com\/wp-content\/uploads\/2023\/04\/Visuel-Fabrique-ta-plaque.png","name":"Visuel-Fabrique-ta-plaque.png","meta":{"brizy_attachment_uid":"wp-0961bb71d03efe79d05a4361f250f2bb.png","brizy_post_uid":["6701ad562758a3330137d90178f69006","36cb9f0eb12d3d28f9ba2e0168d54146"]}},{"id":61943,"url":"https:\/\/memorial1418.com\/wp-content\/uploads\/2023\/04\/203.jpg","name":"203.jpg","meta":{"brizy_attachment_uid":"wp-9ae8fa3a07b5fd83ceefa6618f2c4c57.jpg","brizy_post_uid":["6701ad562758a3330137d90178f69006","36cb9f0eb12d3d28f9ba2e0168d54146"]}},{"id":62329,"url":"https:\/\/memorial1418.com\/wp-content\/uploads\/2023\/04\/339074300_191579866674269_6016403207570668321_n.jpg","name":"339074300_191579866674269_6016403207570668321_n.jpg","meta":{"brizy_attachment_uid":"wp-0e9d17cc6cd69e7df506dca9ce47cbb0.jpg","brizy_post_uid":["36cb9f0eb12d3d28f9ba2e0168d54146","e4529d0fe32a03a05f24aeab867d99a8"]}},{"id":62330,"url":"https:\/\/memorial1418.com\/wp-content\/uploads\/2023\/04\/339824078_1310613366537122_4413446086317039200_n.jpg","name":"339824078_1310613366537122_4413446086317039200_n.jpg","meta":{"brizy_attachment_uid":"wp-d23dd73fae711f487296ca32e47b9faf.jpg","brizy_post_uid":["36cb9f0eb12d3d28f9ba2e0168d54146","c28cb8280aa51518edca043433b76daa"]}},{"id":62555,"url":"https:\/\/memorial1418.com\/wp-content\/uploads\/2023\/04\/thumb_201.jpg","name":"thumb_201.jpg","meta":{"brizy_attachment_uid":"wp-3e0585cfbfcf82d54f38cb5b020b0298.jpg","brizy_post_uid":["36cb9f0eb12d3d28f9ba2e0168d54146"]}},{"id":62580,"url":"https:\/\/memorial1418.com\/wp-content\/uploads\/2023\/04\/thumb_192-1.jpg","name":"thumb_192-1.jpg","meta":{"brizy_attachment_uid":"wp-4d3c40085bf525a5e9cb592234228588.jpg","brizy_post_uid":["36cb9f0eb12d3d28f9ba2e0168d54146"]}},{"id":62060,"url":"https:\/\/memorial1418.com\/wp-content\/uploads\/2023\/04\/1170388-scaled.jpg","name":"1170388.jpg","meta":{"brizy_attachment_uid":"wp-7fe66509cf8a84e2fbd1a839976176de.jpg","brizy_post_uid":["6701ad562758a3330137d90178f69006","36cb9f0eb12d3d28f9ba2e0168d54146"]}},{"id":63524,"url":"https:\/\/memorial1418.com\/wp-content\/uploads\/2023\/05\/Baron-von-Dorf.jpg","name":"Baron-von-Dorf.jpg","meta":{"brizy_attachment_uid":"wp-9fd7ad035a3d9a5101ec2c840f161de0.jpg","brizy_post_uid":["e4529d0fe32a03a05f24aeab867d99a8","36cb9f0eb12d3d28f9ba2e0168d54146"]}},{"id":19808,"url":"https:\/\/memorial1418.com\/wp-content\/uploads\/2020\/12\/Notre-Dame-de-Lorette\u20222020-06-10_Pidz-767\u2022WEB.jpg","name":"Notre-Dame-de-Lorette\u20222020-06-10_Pidz-767\u2022WEB.jpg","meta":{"brizy_attachment_uid":"wp-b530c9e9229a8ada9adcc88afaacab4a.jpg","brizy_post_uid":["0dd2fa4f2ed921c769ce40b60a071ba8","e4529d0fe32a03a05f24aeab867d99a8","36cb9f0eb12d3d28f9ba2e0168d54146"]}},{"id":23940,"url":"https:\/\/memorial1418.com\/wp-content\/uploads\/2021\/02\/Basilique-NDL.jpg","name":"Basilique-NDL.jpg","meta":{"brizy_attachment_uid":"wp-d00c2e36592e6071cc034bd64a7690d8.jpg","brizy_post_uid":["36cb9f0eb12d3d28f9ba2e0168d54146"]}},{"id":63885,"url":"https:\/\/memorial1418.com\/wp-content\/uploads\/2023\/06\/EA-DICE_Battlefield-1-Concept_TT_2-scaled.jpg","name":"EA-DICE_Battlefield-1-Concept_TT_2.jpg","meta":{"brizy_attachment_uid":"wp-20d32f7fd66e2eb4274bdbfb1f890316.jpg","brizy_post_uid":["e4529d0fe32a03a05f24aeab867d99a8","36cb9f0eb12d3d28f9ba2e0168d54146"]}},{"id":63624,"url":"https:\/\/memorial1418.com\/wp-content\/uploads\/2023\/05\/thumb_193.jpg","name":"thumb_193.jpg","meta":{"brizy_attachment_uid":"wp-3b1a79b534d731f0ddf348c08d88a820.jpg","brizy_post_uid":["36cb9f0eb12d3d28f9ba2e0168d54146"]}},{"id":64457,"url":"https:\/\/memorial1418.com\/wp-content\/uploads\/2023\/09\/Capture-decran-2023-09-12-a-14.49.13.png","name":"Capture-decran-2023-09-12-a-14.49.13.png","meta":{"brizy_attachment_uid":"wp-9f60544f758cd714808c0c6da2d20c09.png","brizy_post_uid":["27160f03a808c4501b11b637090b666b","36cb9f0eb12d3d28f9ba2e0168d54146","e4529d0fe32a03a05f24aeab867d99a8"]}},{"id":65468,"url":"https:\/\/memorial1418.com\/wp-content\/uploads\/2023\/10\/thumbnail_image008.png","name":"thumbnail_image008.png","meta":{"brizy_attachment_uid":"wp-0fa8e8e1a1b0861f902a1af79b98a97d.png","brizy_post_uid":["36cb9f0eb12d3d28f9ba2e0168d54146"]}},{"id":65471,"url":"https:\/\/memorial1418.com\/wp-content\/uploads\/2023\/10\/Cie-Fredandco-Le-Chant-des-Coquelicots-\u00a9-Christophe-Cassagne-scaled.jpg","name":"Cie-Fredandco-Le-Chant-des-Coquelicots-\u00a9-Christophe-Cassagne.jpg","meta":{"brizy_attachment_uid":"wp-0db370c96ca2e3fc11f4030817980f4c.jpg","brizy_post_uid":["36cb9f0eb12d3d28f9ba2e0168d54146"]}},{"id":65844,"url":"https:\/\/memorial1418.com\/wp-content\/uploads\/2023\/12\/320579856_1855762068138429_7645345655930834695_n.jpg","name":"320579856_1855762068138429_7645345655930834695_n.jpg","meta":{"brizy_attachment_uid":"wp-b07f50f510d56064738a92d5eebcfe13.jpg","brizy_post_uid":["36cb9f0eb12d3d28f9ba2e0168d54146","e4529d0fe32a03a05f24aeab867d99a8"]}},{"id":65845,"url":"https:\/\/memorial1418.com\/wp-content\/uploads\/2023\/12\/Carte-de-voeux-envoyee-aux-soldats-pendant-la-Premiere-Guerre-mondiale.jpg","name":"Carte-de-voeux-envoyee-aux-soldats-pendant-la-Premiere-Guerre-mondiale.jpg","meta":{"brizy_attachment_uid":"wp-f0bc276ee220973e96c610f236189431.jpg","brizy_post_uid":["36cb9f0eb12d3d28f9ba2e0168d54146"]}},{"id":65846,"url":"https:\/\/memorial1418.com\/wp-content\/uploads\/2023\/12\/Flambeaux-scaled.jpg","name":"Flambeaux.jpg","meta":{"brizy_attachment_uid":"wp-ee40918a7f6c2232dad6645854944288.jpg","brizy_post_uid":["36cb9f0eb12d3d28f9ba2e0168d54146"]}},{"id":64820,"url":"https:\/\/memorial1418.com\/wp-content\/uploads\/2023\/10\/271.jpg","name":"271.jpg","meta":{"brizy_attachment_uid":"wp-48133020362390d0b7e1d3b739708233.jpg","brizy_post_uid":["27160f03a808c4501b11b637090b666b","36cb9f0eb12d3d28f9ba2e0168d54146"]}},{"id":64514,"url":"https:\/\/memorial1418.com\/wp-content\/uploads\/2023\/10\/273.jpg","name":"273.jpg","meta":{"brizy_attachment_uid":"wp-9a72c61f901ace3d5274387a3c3058e6.jpg","brizy_post_uid":["27160f03a808c4501b11b637090b666b","36cb9f0eb12d3d28f9ba2e0168d54146"]}},{"id":64796,"url":"https:\/\/memorial1418.com\/wp-content\/uploads\/2023\/10\/stubby.jpg","name":"stubby.jpg","meta":{"brizy_attachment_uid":"wp-a5b98a62f78deea00243b383d0fc891f.jpg","brizy_post_uid":["27160f03a808c4501b11b637090b666b","36cb9f0eb12d3d28f9ba2e0168d54146"]}},{"id":66813,"url":"https:\/\/memorial1418.com\/wp-content\/uploads\/2024\/04\/loos-british-cemetery-\u00a9samuel-dhote-cwgc.jpg","name":"loos-british-cemetery-\u00a9samuel-dhote-cwgc.jpg","meta":{"brizy_attachment_uid":"wp-fc4812511428187c5b338aaea2c3ac03.jpg","brizy_post_uid":["36cb9f0eb12d3d28f9ba2e0168d54146"]}},{"id":20149,"url":"https:\/\/memorial1418.com\/wp-content\/uploads\/2020\/12\/loos-en-gohelle-dud-ete-c-matthieu-brard.jpg","name":"loos-en-gohelle-dud-ete-c-matthieu-brard.jpg","meta":{"brizy_attachment_uid":"wp-e45f0684bb3244b7c75c8017f6cfaf81.jpg","brizy_post_uid":["f97528357c135c6307c9d515707fdf25","36cb9f0eb12d3d28f9ba2e0168d54146"]}},{"id":66862,"url":"https:\/\/memorial1418.com\/wp-content\/uploads\/2024\/04\/Cimetiere-allemand-de-la-Maison-Blanche-avec-blockhaus\u00a9Sarah-Roynette.jpg","name":"Cimetiere-allemand-de-la-Maison-Blanche-avec-blockhaus\u00a9Sarah-Roynette.jpg","meta":{"brizy_attachment_uid":"wp-c852bf511b1e1cdda597bbb82a3ecee5.jpg","brizy_post_uid":["36cb9f0eb12d3d28f9ba2e0168d54146"]}},{"id":66909,"url":"https:\/\/memorial1418.com\/wp-content\/uploads\/2024\/04\/Memorial-canadien-\u00a9Sarah-Roynette-scaled.jpg","name":"Memorial-canadien-\u00a9Sarah-Roynette.jpg","meta":{"brizy_attachment_uid":"wp-fc232c780fe4d85407c12cd6384fb465.jpg","brizy_post_uid":["36cb9f0eb12d3d28f9ba2e0168d54146"]}},{"id":66910,"url":"https:\/\/memorial1418.com\/wp-content\/uploads\/2024\/04\/canadian-cemetery-n-2-cwgc-1-.jpg","name":"canadian-cemetery-n-2-cwgc-1-.jpg","meta":{"brizy_attachment_uid":"wp-d2cea3519542f6ee74df007636d7e1c9.jpg","brizy_post_uid":["36cb9f0eb12d3d28f9ba2e0168d54146"]}},{"id":67459,"url":"https:\/\/memorial1418.com\/wp-content\/uploads\/2024\/04\/Logo_Lens-Lievin-Henin-Carvin_14.png","name":"Logo_Lens-Lievin-Henin-Carvin_14.png","meta":{"brizy_attachment_uid":"wp-13820bc7d41268d5432dd5438906a2d8.png","brizy_post_uid":["36cb9f0eb12d3d28f9ba2e0168d54146","d5323cb043c82127a753110a3c8c228c","40b9aed3738d59f68b11bc590bc94427","a4fff532914d1fe16df9aee8f6b29593"]}},{"id":66542,"url":"https:\/\/memorial1418.com\/wp-content\/uploads\/2024\/02\/toy-5964490_1280.jpg","name":"toy-5964490_1280.jpg","meta":{"brizy_attachment_uid":"wp-7091791d36b2d0927c1117be8bbcfa47.jpg","brizy_post_uid":["27160f03a808c4501b11b637090b666b","36cb9f0eb12d3d28f9ba2e0168d54146"]}},{"id":68643,"url":"https:\/\/memorial1418.com\/wp-content\/uploads\/2024\/05\/Tranchees-de-la-crete-de-Vimy.jpg","name":"Tranchees-de-la-crete-de-Vimy.jpg","meta":{"brizy_attachment_uid":"wp-345725d62863d4aa4dab45dbc0f3140e.jpg","brizy_post_uid":["36cb9f0eb12d3d28f9ba2e0168d54146","1fe5ddcd6cdb1989aa63bfd5101339f9","bcf48756139eddbe0d1d93c41067433f"]}},{"id":68644,"url":"https:\/\/memorial1418.com\/wp-content\/uploads\/2024\/05\/Vue-aerienne-NDL-\u00a9Sarah-Roynette.jpg","name":"Vue-aerienne-NDL-\u00a9Sarah-Roynette.jpg","meta":{"brizy_attachment_uid":"wp-1bdea335089fb9187ee897241606cde0.jpg","brizy_post_uid":["36cb9f0eb12d3d28f9ba2e0168d54146","9599edaaeab8d4fa11a386c89c2006c6"]}},{"id":68526,"url":"https:\/\/memorial1418.com\/wp-content\/uploads\/2024\/05\/Affiche-de-lexposition-Coup-denvoi-au-Memorial-14-18-Notre-Dame-de-Lorette.jpg","name":"Affiche-de-lexposition-Coup-denvoi-au-Memorial-14-18-Notre-Dame-de-Lorette.jpg","meta":{"brizy_attachment_uid":"wp-8aa6b74e7b9e1238b8b166e2da992dd3.jpg","brizy_post_uid":["27160f03a808c4501b11b637090b666b","e4529d0fe32a03a05f24aeab867d99a8","36cb9f0eb12d3d28f9ba2e0168d54146","c28cb8280aa51518edca043433b76daa","40b9aed3738d59f68b11bc590bc94427","bcf48756139eddbe0d1d93c41067433f"]}},{"id":69540,"url":"https:\/\/memorial1418.com\/wp-content\/uploads\/2024\/06\/Design-sans-titre.png","name":"Design-sans-titre.png","meta":{"brizy_attachment_uid":"wp-50a8408745ef92ec42b35073784299a9.png","brizy_post_uid":["36cb9f0eb12d3d28f9ba2e0168d54146","c28cb8280aa51518edca043433b76daa","40b9aed3738d59f68b11bc590bc94427"]}},{"id":69568,"url":"https:\/\/memorial1418.com\/wp-content\/uploads\/2024\/06\/Design-sans-titre-2.png","name":"Design-sans-titre-2.png","meta":{"brizy_attachment_uid":"wp-f8055f42a9e4ba4b752782e27294a24d.png","brizy_post_uid":["36cb9f0eb12d3d28f9ba2e0168d54146","c28cb8280aa51518edca043433b76daa","40b9aed3738d59f68b11bc590bc94427"]}},{"id":69672,"url":"https:\/\/memorial1418.com\/wp-content\/uploads\/2024\/06\/Rando-gourmande-visuel-principal-\u00a9Pidz.jpg","name":"Rando-gourmande-visuel-principal-\u00a9Pidz.jpg","meta":{"brizy_attachment_uid":"wp-14d6c172069cb71a0eaf533d9e1102b8.jpg","brizy_post_uid":["36cb9f0eb12d3d28f9ba2e0168d54146","e4529d0fe32a03a05f24aeab867d99a8","59660b1bd80257bd19ba33212ea2d100"]}},{"id":56832,"url":"https:\/\/memorial1418.com\/wp-content\/uploads\/2022\/09\/MicrosoftTeams-image2-scaled.jpg","name":"MicrosoftTeams-image2.jpg","meta":{"brizy_attachment_uid":"wp-b333e7c808d7c6ae5f1c92e5bf738c31.jpg","brizy_post_uid":["5c4466338ea823e3996294e4b16fc585","c28cb8280aa51518edca043433b76daa","36cb9f0eb12d3d28f9ba2e0168d54146"]}},{"id":71026,"url":"https:\/\/memorial1418.com\/wp-content\/uploads\/2024\/06\/Parcours-du-general-scaled.jpg","name":"Parcours-du-general.jpg","meta":{"brizy_attachment_uid":"wp-c2d43265ba8c0c84d0dc58619a69afa8.jpg","brizy_post_uid":["36cb9f0eb12d3d28f9ba2e0168d54146","e4529d0fe32a03a05f24aeab867d99a8","59660b1bd80257bd19ba33212ea2d100"]}},{"id":68502,"url":"https:\/\/memorial1418.com\/wp-content\/uploads\/2024\/05\/Visuel-principal-de-lexposition-Coup-denvoi-\u00a9SPA-21-M-336-Flyer.jpg","name":"Visuel-principal-de-lexposition-Coup-denvoi-\u00a9SPA-21-M-336-Flyer.jpg","meta":{"brizy_attachment_uid":"wp-93e952f5e37e49d834bed267eca1d992.jpg","brizy_post_uid":["27160f03a808c4501b11b637090b666b","c28cb8280aa51518edca043433b76daa","36cb9f0eb12d3d28f9ba2e0168d54146"]}},{"id":72094,"url":"https:\/\/memorial1418.com\/wp-content\/uploads\/2024\/06\/Visite-atelier-Artisanat-de-tranchees-\u00a9Sarah-Roynette.jpg","name":"Visite-atelier-Artisanat-de-tranchees-\u00a9Sarah-Roynette.jpg","meta":{"brizy_attachment_uid":"wp-ccd3798c0c1d42a62db7be98abac1c49.jpg","brizy_post_uid":["36cb9f0eb12d3d28f9ba2e0168d54146","27160f03a808c4501b11b637090b666b"]}},{"id":72635,"url":"https:\/\/memorial1418.com\/wp-content\/uploads\/2024\/07\/Laurent-Veyssiere-commissaire-de-lexpo-Coup-denvoi-\u00a9Sarah-Roynette-Lens-Tourisme.jpg","name":"Laurent-Veyssiere-commissaire-de-lexpo-Coup-denvoi-\u00a9Sarah-Roynette-Lens-Tourisme.jpg","meta":{"brizy_attachment_uid":"wp-f4830eb6a576f8afe06ea44aa96eedca.jpg","brizy_post_uid":["36cb9f0eb12d3d28f9ba2e0168d54146","27160f03a808c4501b11b637090b666b","40b9aed3738d59f68b11bc590bc94427"]}},{"id":72931,"url":"https:\/\/memorial1418.com\/wp-content\/uploads\/2024\/07\/Visite-atelier-au-Memorial-14-18-Notre-Dame-de-Lorette\u00a9Sarah-Roynette.jpg","name":"Visite-atelier-au-Memorial-14-18-Notre-Dame-de-Lorette\u00a9Sarah-Roynette.jpg","meta":{"brizy_attachment_uid":"wp-95dbe8dd4460e49a9f2e352c0b1fe68a.jpg","brizy_post_uid":["40b9aed3738d59f68b11bc590bc94427","36cb9f0eb12d3d28f9ba2e0168d54146","c28cb8280aa51518edca043433b76daa"]}},{"id":72930,"url":"https:\/\/memorial1418.com\/wp-content\/uploads\/2024\/07\/Atelier-au-Memorial-14-18-Notre-Dame-de-Lorette\u00a9Sarah-Roynette-1.jpg","name":"Atelier-au-Memorial-14-18-Notre-Dame-de-Lorette\u00a9Sarah-Roynette-1.jpg","meta":{"brizy_attachment_uid":"wp-32f9e8643d213a986445cf2d63920490.jpg","brizy_post_uid":["40b9aed3738d59f68b11bc590bc94427","36cb9f0eb12d3d28f9ba2e0168d54146","c28cb8280aa51518edca043433b76daa"]}},{"id":75322,"url":"https:\/\/memorial1418.com\/wp-content\/uploads\/2024\/09\/Jeu-denquete-soldat-sportif-\u00a9Pidz.jpg","name":"Jeu-denquete-soldat-sportif-\u00a9Pidz.jpg","meta":{"brizy_attachment_uid":"wp-a88c3d33ab49521a226427d92d0cfa2d.jpg","brizy_post_uid":["c28cb8280aa51518edca043433b76daa","36cb9f0eb12d3d28f9ba2e0168d54146","e4529d0fe32a03a05f24aeab867d99a8","40b9aed3738d59f68b11bc590bc94427"]}},{"id":75353,"url":"https:\/\/memorial1418.com\/wp-content\/uploads\/2024\/09\/Visite-atelier-Fouilles-archeo.jpg","name":"Visite-atelier-Fouilles-archeo.jpg","meta":{"brizy_attachment_uid":"wp-a1cc35c02d8c320833caf22ecb626483.jpg","brizy_post_uid":["c28cb8280aa51518edca043433b76daa","36cb9f0eb12d3d28f9ba2e0168d54146","e4529d0fe32a03a05f24aeab867d99a8"]}},{"id":75355,"url":"https:\/\/memorial1418.com\/wp-content\/uploads\/2024\/09\/Visite-atelier-la-vie-du-soldat-Louis-PAYSAGE-scaled.jpeg","name":"Visite-atelier-la-vie-du-soldat-Louis-PAYSAGE.jpeg","meta":{"brizy_attachment_uid":"wp-8a6e68ba4eaed6d890ca647123aaf479.jpeg","brizy_post_uid":["c28cb8280aa51518edca043433b76daa","36cb9f0eb12d3d28f9ba2e0168d54146"]}},{"id":72928,"url":"https:\/\/memorial1418.com\/wp-content\/uploads\/2024\/07\/Repro-du-ballon-de-foot-de-Loos-\u00a9Sarah-Roynette-Lens-Tourisme.jpg","name":"Repro-du-ballon-de-foot-de-Loos-\u00a9Sarah-Roynette-Lens-Tourisme.jpg","meta":{"brizy_attachment_uid":"wp-940bce7006339d52d84acb36b60958ce.jpg","brizy_post_uid":["40b9aed3738d59f68b11bc590bc94427","c28cb8280aa51518edca043433b76daa","36cb9f0eb12d3d28f9ba2e0168d54146"]}},{"id":75889,"url":"https:\/\/memorial1418.com\/wp-content\/uploads\/2024\/10\/11_novembre_FlorentBurton.jpg","name":"11_novembre_FlorentBurton.jpg","meta":{"brizy_attachment_uid":"wp-76d1a1bdfbaa9a36e6aaddf4b90d473a.jpg","brizy_post_uid":["36cb9f0eb12d3d28f9ba2e0168d54146","59660b1bd80257bd19ba33212ea2d100","bcf48756139eddbe0d1d93c41067433f","e4529d0fe32a03a05f24aeab867d99a8","9599edaaeab8d4fa11a386c89c2006c6","40b9aed3738d59f68b11bc590bc94427"]}},{"id":72532,"url":"https:\/\/memorial1418.com\/wp-content\/uploads\/2024\/06\/Ballon-de-basket-\u00a9Sarah-Roynette-Lens-Tourisme.jpg","name":"Ballon-de-basket-\u00a9Sarah-Roynette-Lens-Tourisme.jpg","meta":{"brizy_attachment_uid":"wp-a5e74d7f250168299c097ca36179e928.jpg","brizy_post_uid":["e4529d0fe32a03a05f24aeab867d99a8","36cb9f0eb12d3d28f9ba2e0168d54146"]}},{"id":75935,"url":"https:\/\/memorial1418.com\/wp-content\/uploads\/2024\/10\/video-mapping-Ellipse-scaled.jpg","name":"video-mapping-Ellipse.jpg","meta":{"brizy_attachment_uid":"wp-4ac9b93474386856353210f25e961656.jpg","brizy_post_uid":["36cb9f0eb12d3d28f9ba2e0168d54146"]}},{"id":75635,"url":"https:\/\/memorial1418.com\/wp-content\/uploads\/2024\/10\/Festival-Images-de-guerre-Les-gardiennes-scaled.jpg","name":"Festival-Images-de-guerre-Les-gardiennes.jpg","meta":{"brizy_attachment_uid":"wp-c073a8c69340c8303971978271ec60cf.jpg","brizy_post_uid":["59660b1bd80257bd19ba33212ea2d100","36cb9f0eb12d3d28f9ba2e0168d54146","e4529d0fe32a03a05f24aeab867d99a8","bcf48756139eddbe0d1d93c41067433f"]}},{"id":75655,"url":"https:\/\/memorial1418.com\/wp-content\/uploads\/2024\/10\/Serie-Davos-1917-de-Adrian-Illien.jpg","name":"Serie-Davos-1917-de-Adrian-Illien.jpg","meta":{"brizy_attachment_uid":"wp-f16fa0c596cb02c8a07dacb61c5cd79f.jpg","brizy_post_uid":["59660b1bd80257bd19ba33212ea2d100","bcf48756139eddbe0d1d93c41067433f","36cb9f0eb12d3d28f9ba2e0168d54146","e4529d0fe32a03a05f24aeab867d99a8"]}},{"id":76339,"url":"https:\/\/memorial1418.com\/wp-content\/uploads\/2024\/11\/Carte-de-voeux-\u00a9Pidz.jpg","name":"Carte-de-voeux-\u00a9Pidz.jpg","meta":{"brizy_attachment_uid":"wp-202b73ac168030c4ff9ad513437e35e3.jpg","brizy_post_uid":["36cb9f0eb12d3d28f9ba2e0168d54146","c28cb8280aa51518edca043433b76daa"]}},{"id":19387,"url":"https:\/\/memorial1418.com\/wp-content\/uploads\/2020\/12\/Memorial_14-18\u20222020-06-05_Pidz-441\u2022WEB-2.jpg","name":"Memorial_14-18\u20222020-06-05_Pidz-441\u2022WEB-2.jpg","meta":{"brizy_attachment_uid":"wp-711395206cfdddca73409785c86078f2.jpg","brizy_post_uid":["9599edaaeab8d4fa11a386c89c2006c6","d5323cb043c82127a753110a3c8c228c","c28cb8280aa51518edca043433b76daa","36cb9f0eb12d3d28f9ba2e0168d54146","e4529d0fe32a03a05f24aeab867d99a8"]}},{"id":73107,"url":"https:\/\/memorial1418.com\/wp-content\/uploads\/2024\/07\/Visite-contee-Stubby-\u00a9Juliette-Gouesnard-Lens-Tourisme.jpg","name":"Visite-contee-Stubby-\u00a9Juliette-Gouesnard-Lens-Tourisme.jpg","meta":{"brizy_attachment_uid":"wp-8b4591911fc87a4baa0d872befa494f1.jpg","brizy_post_uid":["40b9aed3738d59f68b11bc590bc94427","c28cb8280aa51518edca043433b76daa","36cb9f0eb12d3d28f9ba2e0168d54146"]}},{"id":77075,"url":"https:\/\/memorial1418.com\/wp-content\/uploads\/2025\/01\/Visuel-de-lexpo-Odyssee-de-la-Liberte-\u00a9Institut-de-la-memoire-national-en-Pologne.jpg","name":"Visuel-de-lexpo-Odyssee-de-la-Liberte-\u00a9Institut-de-la-memoire-national-en-Pologne.jpg","meta":{"brizy_attachment_uid":"wp-a50c35bde0c69026135e05e1577e5316.jpg","brizy_post_uid":["27160f03a808c4501b11b637090b666b","36cb9f0eb12d3d28f9ba2e0168d54146","c28cb8280aa51518edca043433b76daa","e4529d0fe32a03a05f24aeab867d99a8"]}},{"id":77179,"url":"https:\/\/memorial1418.com\/wp-content\/uploads\/2025\/01\/Memorial_14-18\u20222020-06-05_Pidz-222\u2022WEB.jpg","name":"Memorial_14-18\u20222020-06-05_Pidz-222\u2022WEB.jpg","meta":{"brizy_attachment_uid":"wp-9ac4a6f5486f66a1351233641c926d58.jpg","brizy_post_uid":["36cb9f0eb12d3d28f9ba2e0168d54146","c28cb8280aa51518edca043433b76daa"]}},{"id":77278,"url":"https:\/\/memorial1418.com\/wp-content\/uploads\/2025\/01\/Visite-guidee-du-centre-dhistoire-du-Memorial-14-18-Notre-Dame-de-Lorette-\u00a9Sarah-Roynette.jpg","name":"Visite-guidee-du-centre-dhistoire-du-Memorial-14-18-Notre-Dame-de-Lorette-\u00a9Sarah-Roynette.jpg","meta":{"brizy_attachment_uid":"wp-cda17c1766c563c06a63e0870614e45e.jpg","brizy_post_uid":["c28cb8280aa51518edca043433b76daa","e4529d0fe32a03a05f24aeab867d99a8","36cb9f0eb12d3d28f9ba2e0168d54146"]}},{"id":19226,"url":"https:\/\/memorial1418.com\/wp-content\/uploads\/2020\/12\/anneau_.jpg","name":"anneau_.jpg","meta":{"brizy_attachment_uid":"wp-9067698d6108aed66c21dac74de99e1a.jpg","brizy_post_uid":["36cb9f0eb12d3d28f9ba2e0168d54146"]}},{"id":77505,"url":"https:\/\/memorial1418.com\/wp-content\/uploads\/2025\/01\/Tranchees-de-la-Crete-de-Vimy-\u00a9Sarah-Roynette-Copie.jpg","name":"Tranchees-de-la-Crete-de-Vimy-\u00a9Sarah-Roynette-Copie.jpg","meta":{"brizy_attachment_uid":"wp-3a9751509f669cad77b62fe4e2f2c072.jpg","brizy_post_uid":["36cb9f0eb12d3d28f9ba2e0168d54146"]}},{"id":77848,"url":"https:\/\/memorial1418.com\/wp-content\/uploads\/2025\/03\/Jeu-de-la-Victoire-\u00a9A.-Vermusse-CALL.jpg","name":"Jeu-de-la-Victoire-\u00a9A.-Vermusse-CALL.jpg","meta":{"brizy_attachment_uid":"wp-3f54c0aad2a41938489227f20c3b5331.jpg","brizy_post_uid":["36cb9f0eb12d3d28f9ba2e0168d54146"]}},{"id":77850,"url":"https:\/\/memorial1418.com\/wp-content\/uploads\/2025\/03\/Escape-Memorial-2-web.png","name":"Escape-Memorial-2-web.png","meta":{"brizy_attachment_uid":"wp-31e73051bb236dc36f6eb8344b4e3ea0.png","brizy_post_uid":["36cb9f0eb12d3d28f9ba2e0168d54146"]}},{"id":77854,"url":"https:\/\/memorial1418.com\/wp-content\/uploads\/2025\/03\/interieur-basilique-notre-dame-de-lorette-sarah-roynette-lens-lievin-tourisme.jpg","name":"interieur-basilique-notre-dame-de-lorette-sarah-roynette-lens-lievin-tourisme.jpg","meta":{"brizy_attachment_uid":"wp-6ede2a7b9736db8328f5aead11e636b8.jpg","brizy_post_uid":["36cb9f0eb12d3d28f9ba2e0168d54146"]}},{"id":77859,"url":"https:\/\/memorial1418.com\/wp-content\/uploads\/2025\/03\/mosaiques-croisee-du-transept-basilique-notre-dame-de-lorette-sarah-roynette.jpg","name":"mosaiques-croisee-du-transept-basilique-notre-dame-de-lorette-sarah-roynette.jpg","meta":{"brizy_attachment_uid":"wp-431621e151677753d83d94890369ef48.jpg","brizy_post_uid":["36cb9f0eb12d3d28f9ba2e0168d54146","e4529d0fe32a03a05f24aeab867d99a8"]}},{"id":77871,"url":"https:\/\/memorial1418.com\/wp-content\/uploads\/2025\/03\/Vimy2.jpg","name":"Vimy2.jpg","meta":{"brizy_attachment_uid":"wp-3a61fa15bbdd2490f7d79672de426611.jpg","brizy_post_uid":["36cb9f0eb12d3d28f9ba2e0168d54146"]}},{"id":77935,"url":"https:\/\/memorial1418.com\/wp-content\/uploads\/2025\/03\/Projections-festival-Images-de-guerre-Guerre-des-images-\u00a9Lens-Tourimse-rotated.jpg","name":"Projections-festival-Images-de-guerre-Guerre-des-images-\u00a9Lens-Tourimse.jpg","meta":{"brizy_attachment_uid":"wp-e304b22e6b5fd2376a351ed36f67c01e.jpg","brizy_post_uid":["36cb9f0eb12d3d28f9ba2e0168d54146"]}},{"id":77965,"url":"https:\/\/memorial1418.com\/wp-content\/uploads\/2025\/03\/Fetes-de-la-Renaissance-\u00a9Vehicules-anciens-du-Bois-de-Carieul.jpg","name":"Fetes-de-la-Renaissance-\u00a9Vehicules-anciens-du-Bois-de-Carieul.jpg","meta":{"brizy_attachment_uid":"wp-393658a6a381624c4fa94a7c72ed470b.jpg","brizy_post_uid":["36cb9f0eb12d3d28f9ba2e0168d54146","1fe5ddcd6cdb1989aa63bfd5101339f9"]}},{"id":78434,"url":"https:\/\/memorial1418.com\/wp-content\/uploads\/2025\/05\/Memorial-evenement.png","name":"Memorial-evenement.png","meta":{"brizy_attachment_uid":"wp-c365a430340a03dfb65606d58a6f14c8.png","brizy_post_uid":["36cb9f0eb12d3d28f9ba2e0168d54146"]}},{"id":78481,"url":"https:\/\/memorial1418.com\/wp-content\/uploads\/2025\/05\/Bois-du-Carieul-visite-Histoire-et-nature.jpg","name":"Bois-du-Carieul-visite-Histoire-et-nature.jpg","meta":{"brizy_attachment_uid":"wp-629ee86f6a86c2b09f4009a5d6436896.jpg","brizy_post_uid":["36cb9f0eb12d3d28f9ba2e0168d54146","59660b1bd80257bd19ba33212ea2d100","40b9aed3738d59f68b11bc590bc94427","c28cb8280aa51518edca043433b76daa","e4529d0fe32a03a05f24aeab867d99a8"]}},{"id":77078,"url":"https:\/\/memorial1418.com\/wp-content\/uploads\/2025\/01\/2025_ExpoPologne_affiche.png","name":"2025_ExpoPologne_affiche.png","meta":{"brizy_attachment_uid":"wp-d166b4339d75d7a00b97dc0937c33b69.png","brizy_post_uid":["27160f03a808c4501b11b637090b666b","36cb9f0eb12d3d28f9ba2e0168d54146"]}},{"id":64361,"url":"https:\/\/memorial1418.com\/wp-content\/uploads\/2023\/09\/AFFICHE-JEU-DE-GUERRE-V.DEF_page-0001-1-scaled.jpg","name":"AFFICHE-JEU-DE-GUERRE-V.DEF_page-0001-1.jpg","meta":{"brizy_attachment_uid":"wp-f365ce11958e94fdcce1fb8e56f3bf3d.jpg","brizy_post_uid":["c28cb8280aa51518edca043433b76daa","36cb9f0eb12d3d28f9ba2e0168d54146"]}},{"id":66566,"url":"https:\/\/memorial1418.com\/wp-content\/uploads\/2024\/02\/EXPO-JEUX-DE-GUERRE-5-scaled.jpg","name":"EXPO-JEUX-DE-GUERRE-5.jpg","meta":{"brizy_attachment_uid":"wp-8a08b74a41a1e4b6b356c2627bf97dd2.jpg","brizy_post_uid":["27160f03a808c4501b11b637090b666b","36cb9f0eb12d3d28f9ba2e0168d54146"]}},{"id":78780,"url":"https:\/\/memorial1418.com\/wp-content\/uploads\/2025\/06\/Lorette-de-nuit-\u00a9Patrick-Devresse.jpg","name":"Lorette-de-nuit-\u00a9Patrick-Devresse.jpg","meta":{"brizy_attachment_uid":"wp-56e00ae5108c9304ba5e5304026f3105.jpg","brizy_post_uid":["27160f03a808c4501b11b637090b666b","40b9aed3738d59f68b11bc590bc94427","36cb9f0eb12d3d28f9ba2e0168d54146","9599edaaeab8d4fa11a386c89c2006c6","e4529d0fe32a03a05f24aeab867d99a8","c28cb8280aa51518edca043433b76daa","bcf48756139eddbe0d1d93c41067433f"]}},{"id":78797,"url":"https:\/\/memorial1418.com\/wp-content\/uploads\/2025\/06\/Tour_de_France_Francois_Faber_8_aout_1908_cycliste_-_photographie_de_presse_-_Agence_Rol_-_btv1b6910792s.jpg","name":"Tour_de_France_Francois_Faber_8_aout_1908_cycliste_-_photographie_de_presse_-_Agence_Rol_-_btv1b6910792s.jpg","meta":{"brizy_attachment_uid":"wp-e4873242629a516e218f8507ecf2e2a0.jpg","brizy_post_uid":["27160f03a808c4501b11b637090b666b","36cb9f0eb12d3d28f9ba2e0168d54146","59660b1bd80257bd19ba33212ea2d100"]}},{"id":23937,"url":"https:\/\/memorial1418.com\/wp-content\/uploads\/2021\/02\/Anneau-de-la-memoire-avec-tour-lanterne-au-fond.jpg","name":"Anneau-de-la-memoire-avec-tour-lanterne-au-fond.jpg","meta":{"brizy_attachment_uid":"wp-caecf948443c260f3f97ef92e1bdc6f6.jpg","brizy_post_uid":["e4529d0fe32a03a05f24aeab867d99a8","1fe5ddcd6cdb1989aa63bfd5101339f9","9599edaaeab8d4fa11a386c89c2006c6","40b9aed3738d59f68b11bc590bc94427","36cb9f0eb12d3d28f9ba2e0168d54146"]}},{"id":19803,"url":"https:\/\/memorial1418.com\/wp-content\/uploads\/2020\/12\/Necropole-Lorette\u20222020-06-10_Pidz-584\u2022WEB.jpg","name":"Necropole-Lorette\u20222020-06-10_Pidz-584\u2022WEB.jpg","meta":{"brizy_attachment_uid":"wp-2932726e639521377ba62661d55d43b9.jpg","brizy_post_uid":["0dd2fa4f2ed921c769ce40b60a071ba8","36cb9f0eb12d3d28f9ba2e0168d54146","e4529d0fe32a03a05f24aeab867d99a8"]}},{"id":79076,"url":"https:\/\/memorial1418.com\/wp-content\/uploads\/2025\/06\/JEP-2025.png","name":"JEP-2025.png","meta":{"brizy_attachment_uid":"wp-102e3d634ec98236398433f83ca7865c.png","brizy_post_uid":["36cb9f0eb12d3d28f9ba2e0168d54146","e4529d0fe32a03a05f24aeab867d99a8"]}},{"id":79443,"url":"https:\/\/memorial1418.com\/wp-content\/uploads\/2025\/07\/14-Youry_Bilak-Ce\u2560Cne_0405-HD.jpg","name":"14-Youry_Bilak-Ce\u2560Cne_0405-HD.jpg","meta":{"brizy_attachment_uid":"wp-e9f45ad5d9b566762dc193cafdd542a8.jpg","brizy_post_uid":["27160f03a808c4501b11b637090b666b","36cb9f0eb12d3d28f9ba2e0168d54146","e4529d0fe32a03a05f24aeab867d99a8","40b9aed3738d59f68b11bc590bc94427","c28cb8280aa51518edca043433b76daa"]}},{"id":78783,"url":"https:\/\/memorial1418.com\/wp-content\/uploads\/2025\/06\/Construction-en-lego-\u00a9Sarah-Roynette.jpg","name":"Construction-en-lego-\u00a9Sarah-Roynette.jpg","meta":{"brizy_attachment_uid":"wp-9b1bebe7bf0d493213f93625f60d5e5a.jpg","brizy_post_uid":["36cb9f0eb12d3d28f9ba2e0168d54146"]}},{"id":79615,"url":"https:\/\/memorial1418.com\/wp-content\/uploads\/2025\/08\/Un-agent-de-liaison-traverse-avec-difficulte-un-boyau-inonde-Loys-Roux-5.07.1917-\u00a9ECPAD.jpg","name":"Un-agent-de-liaison-traverse-avec-difficulte-un-boyau-inonde-Loys-Roux-5.07.1917-\u00a9ECPAD.jpg","meta":{"brizy_attachment_uid":"wp-699c203b3a2768b2687bcae59b497d8d.jpg","brizy_post_uid":["27160f03a808c4501b11b637090b666b","36cb9f0eb12d3d28f9ba2e0168d54146","59660b1bd80257bd19ba33212ea2d100"]}},{"id":78175,"url":"https:\/\/memorial1418.com\/wp-content\/uploads\/2025\/03\/Memorial-canadien-de-Vimy-\u00a9Sarah-Roynette-scaled.jpg","name":"Memorial-canadien-de-Vimy-\u00a9Sarah-Roynette.jpg","meta":{"brizy_attachment_uid":"wp-520d7531b55db904af3c7dff09d9d66f.jpg","brizy_post_uid":["e4529d0fe32a03a05f24aeab867d99a8","36cb9f0eb12d3d28f9ba2e0168d54146"]}},{"id":79847,"url":"https:\/\/memorial1418.com\/wp-content\/uploads\/2025\/09\/Conference-objets-trouves-\u00a9Melanie-Roszak-Lens-Tourisme.jpg","name":"Conference-objets-trouves-\u00a9Melanie-Roszak-Lens-Tourisme.jpg","meta":{"brizy_attachment_uid":"wp-013f7e66206a59683a98816280c02a03.jpg","brizy_post_uid":["36cb9f0eb12d3d28f9ba2e0168d54146","59660b1bd80257bd19ba33212ea2d100","e4529d0fe32a03a05f24aeab867d99a8"]}},{"id":79850,"url":"https:\/\/memorial1418.com\/wp-content\/uploads\/2025\/09\/Jeu-de-loie-geant-\u00a9Geraud-Lefebvre-Lens-Tourisme.jpg","name":"Jeu-de-loie-geant-\u00a9Geraud-Lefebvre-Lens-Tourisme.jpg","meta":{"brizy_attachment_uid":"wp-015e7339b880911fca5a9ba12982f626.jpg","brizy_post_uid":["36cb9f0eb12d3d28f9ba2e0168d54146"]}},{"id":31889,"url":"https:\/\/memorial1418.com\/wp-content\/uploads\/2021\/12\/MicrosoftTeams-image-2.png","name":"MicrosoftTeams-image-2.png","meta":{"brizy_attachment_uid":"wp-0fb329a6d5ab90444ed6ddab18f7b006.png","brizy_post_uid":["c28cb8280aa51518edca043433b76daa","5c4466338ea823e3996294e4b16fc585","36cb9f0eb12d3d28f9ba2e0168d54146"]}},{"id":79853,"url":"https:\/\/memorial1418.com\/wp-content\/uploads\/2025\/09\/Visuel-visite-interactive.png","name":"Visuel-visite-interactive.png","meta":{"brizy_attachment_uid":"wp-6174ab342d090f62da7ed5e1d3a5a4b8.png","brizy_post_uid":["36cb9f0eb12d3d28f9ba2e0168d54146"]}},{"id":79808,"url":"https:\/\/memorial1418.com\/wp-content\/uploads\/2025\/09\/19-Youry_Bilak-Cri-Munch_0177-3.jpg","name":"19-Youry_Bilak-Cri-Munch_0177-3.jpg","meta":{"brizy_attachment_uid":"wp-269a57d684e723468beca53cf94d28dd.jpg","brizy_post_uid":["59660b1bd80257bd19ba33212ea2d100","27160f03a808c4501b11b637090b666b","36cb9f0eb12d3d28f9ba2e0168d54146"]}},{"id":79872,"url":"https:\/\/memorial1418.com\/wp-content\/uploads\/2025\/09\/2025Memorial_Visuel-3-sites.png","name":"2025Memorial_Visuel-3-sites.png","meta":{"brizy_attachment_uid":"wp-b7d4c09fe5d909b08aad425a01c77009.png","brizy_post_uid":["36cb9f0eb12d3d28f9ba2e0168d54146"]}},{"id":19984,"url":"https:\/\/memorial1418.com\/wp-content\/uploads\/2020\/12\/1090584-e1593693477911-1-scaled.jpg","name":"1090584-e1593693477911-1.jpg","meta":{"brizy_attachment_uid":"wp-46753082b1f6f34315996f652e7900c0.jpg","brizy_post_uid":["c28cb8280aa51518edca043433b76daa","36cb9f0eb12d3d28f9ba2e0168d54146"]}},{"id":80255,"url":"https:\/\/memorial1418.com\/wp-content\/uploads\/2025\/10\/Concert-symphonique.jpg","name":"Concert-symphonique.jpg","meta":{"brizy_attachment_uid":"wp-4ad13cc04ff7f0a47a621b99891f0048.jpg","brizy_post_uid":["36cb9f0eb12d3d28f9ba2e0168d54146"]}},{"id":80379,"url":"https:\/\/memorial1418.com\/wp-content\/uploads\/2025\/10\/visuel-site.jpg","name":"visuel-site.jpg","meta":{"brizy_attachment_uid":"wp-3bd366a531f1be95f473c95aa3dbf38c.jpg","brizy_post_uid":["27160f03a808c4501b11b637090b666b","36cb9f0eb12d3d28f9ba2e0168d54146","e4529d0fe32a03a05f24aeab867d99a8"]}},{"id":80567,"url":"https:\/\/memorial1418.com\/wp-content\/uploads\/2025\/10\/UKRAINE143-c-EdouardElias.jpg","name":"UKRAINE143-c-EdouardElias.jpg","meta":{"brizy_attachment_uid":"wp-1720566ecfb6f4869cbce7d7a0b86005.jpg","brizy_post_uid":["27160f03a808c4501b11b637090b666b","36cb9f0eb12d3d28f9ba2e0168d54146"]}},{"id":19927,"url":"https:\/\/memorial1418.com\/wp-content\/uploads\/2020\/12\/Memorial_14-18\u20222020-06-05_Pidz-395\u2022WEB.jpg","name":"Memorial_14-18\u20222020-06-05_Pidz-395\u2022WEB.jpg","meta":{"brizy_attachment_uid":"wp-5196918db3757c8ad6f2a8856e49d7fa.jpg","brizy_post_uid":["8108fd28664e2bcbeb66ca20f39c11c8","9599edaaeab8d4fa11a386c89c2006c6","c28cb8280aa51518edca043433b76daa","36cb9f0eb12d3d28f9ba2e0168d54146"]}},{"id":80899,"url":"https:\/\/memorial1418.com\/wp-content\/uploads\/2026\/01\/Printemps-des-cimetieres.png","name":"Printemps-des-cimetieres.png","meta":{"brizy_attachment_uid":"wp-40c34ee3eeca54ce1ec166fe48e9b31d.png","brizy_post_uid":["36cb9f0eb12d3d28f9ba2e0168d54146","e4529d0fe32a03a05f24aeab867d99a8"]}},{"id":80971,"url":"https:\/\/memorial1418.com\/wp-content\/uploads\/2026\/01\/Mercredis-ateliers-\u00a9Pidz.jpg","name":"Mercredis-ateliers-\u00a9Pidz.jpg","meta":{"brizy_attachment_uid":"wp-e60a939eb6a6dd0da2b0b700378cea19.jpg","brizy_post_uid":["36cb9f0eb12d3d28f9ba2e0168d54146"]}},{"id":80975,"url":"https:\/\/memorial1418.com\/wp-content\/uploads\/2026\/01\/Les-samedis-jeux-au-Memorial-3.jpg","name":"Les-samedis-jeux-au-Memorial-3.jpg","meta":{"brizy_attachment_uid":"wp-ae705d76bb70ff23c4c78e35d80a6a06.jpg","brizy_post_uid":["36cb9f0eb12d3d28f9ba2e0168d54146"]}},{"id":80969,"url":"https:\/\/memorial1418.com\/wp-content\/uploads\/2026\/01\/Week-end-Heroines-de-guerre.jpg","name":"Week-end-Heroines-de-guerre.jpg","meta":{"brizy_attachment_uid":"wp-288865dc015b34de4ef77679311e16c7.jpg","brizy_post_uid":["36cb9f0eb12d3d28f9ba2e0168d54146","e4529d0fe32a03a05f24aeab867d99a8"]}},{"id":81014,"url":"https:\/\/memorial1418.com\/wp-content\/uploads\/2026\/01\/Carte-de-voeux-du-front.jpg","name":"Carte-de-voeux-du-front.jpg","meta":{"brizy_attachment_uid":"wp-1793b9d424263303958f2af44c9ee728.jpg","brizy_post_uid":["36cb9f0eb12d3d28f9ba2e0168d54146"]}},{"id":81013,"url":"https:\/\/memorial1418.com\/wp-content\/uploads\/2026\/01\/Creation-de-plaque-militaire.jpg","name":"Creation-de-plaque-militaire.jpg","meta":{"brizy_attachment_uid":"wp-527812ac976543798fdfaf8f05fca30c.jpg","brizy_post_uid":["36cb9f0eb12d3d28f9ba2e0168d54146"]}},{"id":81016,"url":"https:\/\/memorial1418.com\/wp-content\/uploads\/2026\/01\/Escape-game-le-butin-des-canadiens.jpg","name":"Escape-game-le-butin-des-canadiens.jpg","meta":{"brizy_attachment_uid":"wp-56e9f4bb5d3f97aac513d2828a1c456f.jpg","brizy_post_uid":["36cb9f0eb12d3d28f9ba2e0168d54146"]}},{"id":81028,"url":"https:\/\/memorial1418.com\/wp-content\/uploads\/2026\/01\/Conference-les-femmes-et-la-Grande-Guerre-Louise-de-Bettignies.jpg","name":"Conference-les-femmes-et-la-Grande-Guerre-Louise-de-Bettignies.jpg","meta":{"brizy_attachment_uid":"wp-eab256cdb45063d2888d0f4034d44f28.jpg","brizy_post_uid":["36cb9f0eb12d3d28f9ba2e0168d54146"]}},{"id":81029,"url":"https:\/\/memorial1418.com\/wp-content\/uploads\/2026\/01\/Femmes-de-guerre-\u00a9Cecile-Bredeaux.png","name":"Femmes-de-guerre-\u00a9Cecile-Bredeaux.png","meta":{"brizy_attachment_uid":"wp-b20b8b902bfe9641874652bd06d32491.png","brizy_post_uid":["36cb9f0eb12d3d28f9ba2e0168d54146","e4529d0fe32a03a05f24aeab867d99a8"]}},{"id":81106,"url":"https:\/\/memorial1418.com\/wp-content\/uploads\/2026\/01\/Printemps-1915.-Un-soldat-francais-dans-une-tranchee-creusee-sur-le-flanc-de-la-colline-de-Notre-Dame-de-Lorette.-A-larriere-plan-les-ruines-du-village-dAblain-St-Nazaire-Musee-de-la-Tour-lanterne.jpg","name":"Printemps-1915.-Un-soldat-francais-dans-une-tranchee-creusee-sur-le-flanc-de-la-colline-de-Notre-Dame-de-Lorette.-A-larriere-plan-les-ruines-du-village-dAblain-St-Nazaire-Musee-de-la-Tour-lanterne.jpg","meta":{"brizy_attachment_uid":"wp-7b30444558e7f99725430412e10cecc5.jpg","brizy_post_uid":["27160f03a808c4501b11b637090b666b","36cb9f0eb12d3d28f9ba2e0168d54146","40b9aed3738d59f68b11bc590bc94427"]}},{"id":81173,"url":"https:\/\/memorial1418.com\/wp-content\/uploads\/2026\/02\/Mercredi-atelier-ecrire-a-la-plume-\u00a9Pidz.jpg","name":"Mercredi-atelier-ecrire-a-la-plume-\u00a9Pidz.jpg","meta":{"brizy_attachment_uid":"wp-e611af44d397d078df319ce2a72d48f1.jpg","brizy_post_uid":["36cb9f0eb12d3d28f9ba2e0168d54146"]}},{"id":81188,"url":"https:\/\/memorial1418.com\/wp-content\/uploads\/2026\/02\/Visite-du-jardin-de-la-paix-Promenade-en-sous-bois-lumieres-et-transparences-Elise-Martin-Hennebicque\u00a9AJHdF_Yann-MONEL.jpg","name":"Visite-du-jardin-de-la-paix-Promenade-en-sous-bois-lumieres-et-transparences-Elise-Martin-Hennebicque\u00a9AJHdF_Yann-MONEL.jpg","meta":{"brizy_attachment_uid":"wp-76e5a6e04518460c61ed4720ae1e599f.jpg","brizy_post_uid":["36cb9f0eb12d3d28f9ba2e0168d54146"]}},{"id":81189,"url":"https:\/\/memorial1418.com\/wp-content\/uploads\/2026\/02\/Conference-du-6-juin.jpg","name":"Conference-du-6-juin.jpg","meta":{"brizy_attachment_uid":"wp-11cc8ffc3dca021c002a7ed46e506a56.jpg","brizy_post_uid":["36cb9f0eb12d3d28f9ba2e0168d54146"]}},{"id":81193,"url":"https:\/\/memorial1418.com\/wp-content\/uploads\/2026\/02\/Visite-essentielle-Lorette-\u00a9-Pidz-_-OTLL.jpg","name":"Visite-essentielle-Lorette-\u00a9-Pidz-_-OTLL.jpg","meta":{"brizy_attachment_uid":"wp-1505e867d08314014d176afb46d2f40a.jpg","brizy_post_uid":["36cb9f0eb12d3d28f9ba2e0168d54146"]}},{"id":81200,"url":"https:\/\/memorial1418.com\/wp-content\/uploads\/2026\/02\/Visite-du-cimetiere-de-Loos.jpg","name":"Visite-du-cimetiere-de-Loos.jpg","meta":{"brizy_attachment_uid":"wp-0ee26a057cac9133a19c926f63a419c7.jpg","brizy_post_uid":["36cb9f0eb12d3d28f9ba2e0168d54146"]}},{"id":81203,"url":"https:\/\/memorial1418.com\/wp-content\/uploads\/2026\/02\/Cimetiere-allemand-de-Courrieres.jpg","name":"Cimetiere-allemand-de-Courrieres.jpg","meta":{"brizy_attachment_uid":"wp-c832dbddd3d2680b452c7d3d28dabd55.jpg","brizy_post_uid":["36cb9f0eb12d3d28f9ba2e0168d54146"]}},{"id":78127,"url":"https:\/\/memorial1418.com\/wp-content\/uploads\/2025\/03\/Ruines-de-la-vieille-eglise-dAblain-\u00a9Sarah-Roynette-Lens-Tourisme.jpg","name":"Ruines-de-la-vieille-eglise-dAblain-\u00a9Sarah-Roynette-Lens-Tourisme.jpg","meta":{"brizy_attachment_uid":"wp-c938c8df9ca9a903c3afd7d05504952e.jpg","brizy_post_uid":["1fe5ddcd6cdb1989aa63bfd5101339f9","27160f03a808c4501b11b637090b666b","36cb9f0eb12d3d28f9ba2e0168d54146","40b9aed3738d59f68b11bc590bc94427"]}},{"id":81298,"url":"https:\/\/memorial1418.com\/wp-content\/uploads\/2026\/02\/vimy\u00a9Laurent-Ghesquiere-Audace.jpg","name":"vimy\u00a9Laurent-Ghesquiere-Audace.jpg","meta":{"brizy_attachment_uid":"wp-00ba1ce209d7ff3ba95b1402e5515c3f.jpg","brizy_post_uid":["36cb9f0eb12d3d28f9ba2e0168d54146"]}},{"id":80929,"url":"https:\/\/memorial1418.com\/wp-content\/uploads\/2026\/01\/Conferences.jpg","name":"Conferences.jpg","meta":{"brizy_attachment_uid":"wp-e87f363e19d49f7959bfa6344f908268.jpg","brizy_post_uid":["c28cb8280aa51518edca043433b76daa","36cb9f0eb12d3d28f9ba2e0168d54146","40b9aed3738d59f68b11bc590bc94427"]}},{"id":80533,"url":"https:\/\/memorial1418.com\/wp-content\/uploads\/2025\/10\/Media-29.jpg","name":"Media-29.jpg","meta":{"brizy_attachment_uid":"wp-2c6862303f83497461cf4e8d2b830010.jpg","brizy_post_uid":["27160f03a808c4501b11b637090b666b","e4529d0fe32a03a05f24aeab867d99a8","36cb9f0eb12d3d28f9ba2e0168d54146"]}},{"id":67735,"url":"https:\/\/memorial1418.com\/wp-content\/uploads\/2024\/04\/Evenement-Descente-aux-flmabeaux-du-11-Novembre-avec-installation-de-coquelicots-dans-lAnneau-de-la-memoire.png","name":"Evenement-Descente-aux-flmabeaux-du-11-Novembre-avec-installation-de-coquelicots-dans-lAnneau-de-la-memoire.png","meta":{"brizy_attachment_uid":"wp-f12218897fcb042ea071c48481d27a52.png","brizy_post_uid":["4d91852c81b666001fa231e9c57074a1","36cb9f0eb12d3d28f9ba2e0168d54146"]}},{"id":19258,"url":"https:\/\/memorial1418.com\/wp-content\/uploads\/2020\/12\/Memorial_14-18\u20222020-06-05_Pidz-366\u2022WEB.jpg","name":"Memorial_14-18\u20222020-06-05_Pidz-366\u2022WEB.jpg","meta":{"brizy_attachment_uid":"wp-a91a72f1bd006cd3891ec1271bea12aa.jpg","brizy_post_uid":["c79eb881ded4bf20b7600d1589290749","5c4466338ea823e3996294e4b16fc585","c28cb8280aa51518edca043433b76daa","36cb9f0eb12d3d28f9ba2e0168d54146"]}},{"id":79676,"url":"https:\/\/memorial1418.com\/wp-content\/uploads\/2025\/08\/Rencontres-dans-le-cadre-du-festival-Images-de-Guerre-1-scaled.jpeg","name":"Rencontres-dans-le-cadre-du-festival-Images-de-Guerre-1.jpeg","meta":{"brizy_attachment_uid":"wp-e00259051e7fce3ac7d7124587dfb6f2.jpeg","brizy_post_uid":["bcf48756139eddbe0d1d93c41067433f","36cb9f0eb12d3d28f9ba2e0168d54146"]}},{"id":81650,"url":"https:\/\/memorial1418.com\/wp-content\/uploads\/2026\/02\/CINEMA-PLEIN-AIR.jpg","name":"CINEMA-PLEIN-AIR.jpg","meta":{"brizy_attachment_uid":"wp-fceaa20bca67328bf81194f85fa48e2d.jpg","brizy_post_uid":["36cb9f0eb12d3d28f9ba2e0168d54146","e4529d0fe32a03a05f24aeab867d99a8"]}},{"id":81742,"url":"https:\/\/memorial1418.com\/wp-content\/uploads\/2026\/03\/Paul-Queste-\u2013-ECPAD-SPA-116-B-6153.jpeg","name":"Paul-Queste-\u2013-ECPAD-SPA-116-B-6153.jpeg","meta":{"brizy_attachment_uid":"wp-f5eb49f4cd56602e17af13a2aa78f98e.jpeg","brizy_post_uid":["36cb9f0eb12d3d28f9ba2e0168d54146"]}},{"id":81862,"url":"https:\/\/memorial1418.com\/wp-content\/uploads\/2026\/03\/F-82-419-L436-c-ECPAD.jpg","name":"F-82-419-L436-c-ECPAD.jpg","meta":{"brizy_attachment_uid":"wp-6aa0393ae2b887cb650181aa8ad26125.jpg","brizy_post_uid":["e4529d0fe32a03a05f24aeab867d99a8","27160f03a808c4501b11b637090b666b","36cb9f0eb12d3d28f9ba2e0168d54146"]}}],"_links":{"self":[{"href":"https:\/\/memorial1418.com\/en\/wp-json\/wp\/v2\/pages\/78439","targetHints":{"allow":["GET"]}}],"collection":[{"href":"https:\/\/memorial1418.com\/en\/wp-json\/wp\/v2\/pages"}],"about":[{"href":"https:\/\/memorial1418.com\/en\/wp-json\/wp\/v2\/types\/page"}],"author":[{"embeddable":true,"href":"https:\/\/memorial1418.com\/en\/wp-json\/wp\/v2\/users\/1"}],"replies":[{"embeddable":true,"href":"https:\/\/memorial1418.com\/en\/wp-json\/wp\/v2\/comments?post=78439"}],"version-history":[{"count":0,"href":"https:\/\/memorial1418.com\/en\/wp-json\/wp\/v2\/pages\/78439\/revisions"}],"wp:attachment":[{"href":"https:\/\/memorial1418.com\/en\/wp-json\/wp\/v2\/media?parent=78439"}],"curies":[{"name":"wp","href":"https:\/\/api.w.org\/{rel}","templated":true}]}}